{"id":646,"date":"2025-02-11T12:37:43","date_gmt":"2025-02-11T11:37:43","guid":{"rendered":"https:\/\/ullastrejardinsiserveis.com\/immobilienpflege-in-son-macia-manacor\/"},"modified":"2025-03-11T12:18:47","modified_gmt":"2025-03-11T11:18:47","slug":"immobilienpflege-in-son-macia-manacor","status":"publish","type":"page","link":"https:\/\/ullastrejardinsiserveis.com\/de\/immobilienpflege-in-son-macia-manacor\/","title":{"rendered":"Immobilienpflege in Son Maci\u00e0, Manacor"},"content":{"rendered":"<p>[et_pb_section fb_built=&#8220;1&#8243; disabled_on=&#8220;on|on|on&#8220; module_id=&#8220;Heim&#8220; _builder_version=&#8220;4.27.4&#8243; _module_preset=&#8220;default&#8220; use_background_color_gradient=&#8220;on&#8220; background_color_gradient_direction=&#8220;90deg&#8220; background_color_gradient_stops=&#8220;rgba(0,0,0,0.7) 0%|rgba(0,0,0,0.27) 100%&#8220; background_color_gradient_overlays_image=&#8220;on&#8220; background_image=&#8220;https:\/\/ullastrejardinsiserveis.com\/wp-content\/uploads\/2020\/11\/gardener-10.jpg&#8220; height=&#8220;60vh&#8220; disabled=&#8220;on&#8220; global_colors_info=&#8220;{}&#8220;][et_pb_row _builder_version=&#8220;4.27.4&#8243; _module_preset=&#8220;default&#8220; global_colors_info=&#8220;{}&#8220;][et_pb_column type=&#8220;4_4&#8243; _builder_version=&#8220;4.27.4&#8243; _module_preset=&#8220;default&#8220; global_colors_info=&#8220;{}&#8220;][et_pb_text _builder_version=&#8220;4.27.4&#8243; _module_preset=&#8220;default&#8220; header_text_color=&#8220;#FFFFFF&#8220; header_font_size=&#8220;20px&#8220; header_2_text_color=&#8220;#FFFFFF&#8220; header_2_font_size=&#8220;70px&#8220; header_2_line_height=&#8220;1.2em&#8220; max_width=&#8220;930px&#8220; custom_margin=&#8220;||20px||false|false&#8220; custom_padding=&#8220;||||false|false&#8220; header_2_font_size_tablet=&#8220;45px&#8220; header_2_font_size_phone=&#8220;35px&#8220; header_2_font_size_last_edited=&#8220;on|phone&#8220; global_colors_info=&#8220;{}&#8220;]<\/p>\n<h2>Immobilienpflege in Son Maci\u00e0, Manacor<\/h2>\n<p>[\/et_pb_text][et_pb_text _builder_version=&#8220;4.27.4&#8243; _module_preset=&#8220;default&#8220; header_font=&#8220;&#8211;et_global_body_font|300|||||||&#8220; header_text_color=&#8220;#FFFFFF&#8220; header_font_size=&#8220;20px&#8220; header_line_height=&#8220;1.2em&#8220; header_2_text_color=&#8220;#FFFFFF&#8220; header_2_font_size=&#8220;71px&#8220; custom_margin=&#8220;||||false|false&#8220; custom_padding=&#8220;||||false|false&#8220; header_font_size_tablet=&#8220;18px&#8220; header_font_size_phone=&#8220;16px&#8220; header_font_size_last_edited=&#8220;on|phone&#8220; global_colors_info=&#8220;{}&#8220;]<\/p>\n<h1>Umfassender Gartenservice und professionelle Pflege f\u00fcr Grundst\u00fccke, G\u00e4rten und Schwimmb\u00e4der in Son Maci\u00e0.<\/h1>\n<p>[\/et_pb_text][\/et_pb_column][\/et_pb_row][\/et_pb_section][et_pb_section fb_built=&#8220;1&#8243; custom_padding_last_edited=&#8220;on|tablet&#8220; module_id=&#8220;Contactar&#8220; _builder_version=&#8220;4.27.4&#8243; _module_preset=&#8220;default&#8220; use_background_color_gradient=&#8220;on&#8220; background_color_gradient_stops=&#8220;rgba(122,104,85,0.9) 0%|rgba(80,127,112,0.7) 100%&#8220; background_color_gradient_overlays_image=&#8220;on&#8220; background_image=&#8220;https:\/\/ullastrejardinsiserveis.com\/wp-content\/uploads\/2020\/11\/gardener-10.jpg&#8220; parallax=&#8220;on&#8220; custom_margin=&#8220;0px||0px||false|false&#8220; custom_padding=&#8220;144px||130px||false|false&#8220; custom_padding_tablet=&#8220;117px||120px||false|false&#8220; custom_padding_phone=&#8220;87px||90px||false|false&#8220; locked=&#8220;off&#8220; global_colors_info=&#8220;{}&#8220;][et_pb_row column_structure=&#8220;2_3,1_3&#8243; make_equal=&#8220;on&#8220; _builder_version=&#8220;4.27.4&#8243; _module_preset=&#8220;default&#8220; width=&#8220;90%&#8220; max_width=&#8220;1170px&#8220; custom_margin=&#8220;0px||0px||false|false&#8220; custom_padding=&#8220;0px||0px||false|false&#8220; global_colors_info=&#8220;{}&#8220;][et_pb_column type=&#8220;2_3&#8243; _builder_version=&#8220;4.20.2&#8243; _module_preset=&#8220;default&#8220; global_colors_info=&#8220;{}&#8220;][et_pb_text _builder_version=&#8220;4.27.4&#8243; _module_preset=&#8220;default&#8220; header_text_color=&#8220;#FFFFFF&#8220; header_font_size=&#8220;20px&#8220; header_2_text_color=&#8220;#FFFFFF&#8220; header_2_font_size=&#8220;70px&#8220; header_2_line_height=&#8220;1.2em&#8220; max_width=&#8220;930px&#8220; custom_margin=&#8220;||20px||false|false&#8220; custom_padding=&#8220;||||false|false&#8220; header_2_font_size_tablet=&#8220;45px&#8220; header_2_font_size_phone=&#8220;35px&#8220; header_2_font_size_last_edited=&#8220;on|phone&#8220; global_colors_info=&#8220;{}&#8220;]<\/p>\n<h2>Immobilienpflege in Son Maci\u00e0, Manacor<\/h2>\n<p>[\/et_pb_text][et_pb_text _builder_version=&#8220;4.27.4&#8243; _module_preset=&#8220;default&#8220; header_font=&#8220;&#8211;et_global_body_font|300|||||||&#8220; header_text_color=&#8220;#FFFFFF&#8220; header_font_size=&#8220;20px&#8220; header_line_height=&#8220;1.2em&#8220; header_2_text_color=&#8220;#FFFFFF&#8220; header_2_font_size=&#8220;71px&#8220; custom_margin=&#8220;||||false|false&#8220; custom_padding=&#8220;||||false|false&#8220; header_font_size_tablet=&#8220;18px&#8220; header_font_size_phone=&#8220;16px&#8220; header_font_size_last_edited=&#8220;on|phone&#8220; global_colors_info=&#8220;{}&#8220;]<\/p>\n<h1>Umfassender Garten- und Grundst\u00fcckspflegeservice in Son Maci\u00e0, Manacor.<\/h1>\n<p>[\/et_pb_text][\/et_pb_column][et_pb_column type=&#8220;1_3&#8243; _builder_version=&#8220;4.20.2&#8243; _module_preset=&#8220;default&#8220; global_colors_info=&#8220;{}&#8220;][\/et_pb_column][\/et_pb_row][et_pb_row column_structure=&#8220;2_3,1_3&#8243; make_equal=&#8220;on&#8220; _builder_version=&#8220;4.27.4&#8243; _module_preset=&#8220;default&#8220; width=&#8220;90%&#8220; max_width=&#8220;1170px&#8220; custom_margin=&#8220;0px||0px||false|false&#8220; custom_padding=&#8220;0px||0px||false|false&#8220; global_colors_info=&#8220;{}&#8220;][et_pb_column type=&#8220;2_3&#8243; _builder_version=&#8220;4.20.2&#8243; _module_preset=&#8220;default&#8220; global_colors_info=&#8220;{}&#8220;][et_pb_contact_form email=&#8220;info@ullastrejardinsiserveis.com&#8220; custom_message=&#8220;*** CONTACTO WEB &#8211; ULLASTRE ***||et_pb_line_break_holder||||et_pb_line_break_holder||Nom: %%f-nombre%%||et_pb_line_break_holder||||et_pb_line_break_holder||Email; %%f-email%%||et_pb_line_break_holder||Tel\u00e8fon: %%f-telefono%%||et_pb_line_break_holder||||et_pb_line_break_holder||Missatge: %%f-mensaje%%&#8220; success_message=&#8220;Vielen Dank, dass Sie uns kontaktiert haben.&#8220; submit_button_text=&#8220;Schicken&#8220; _builder_version=&#8220;4.27.4&#8243; _module_preset=&#8220;default&#8220; _unique_id=&#8220;910956a3-0537-4ece-b722-1a046eb7f704&#8243; form_field_background_color=&#8220;RGBA(255,255,255,0)&#8220; form_field_text_color=&#8220;#FFFFFF&#8220; form_field_focus_background_color=&#8220;RGBA(255,255,255,0)&#8220; form_field_focus_text_color=&#8220;#FFFFFF&#8220; title_text_color=&#8220;#FFFFFF&#8220; captcha_text_color=&#8220;#FFFFFF&#8220; captcha_font_size=&#8220;18px&#8220; captcha_line_height=&#8220;1.6em&#8220; form_field_font_size=&#8220;18px&#8220; form_field_line_height=&#8220;1.4em&#8220; custom_button=&#8220;on&#8220; button_text_color=&#8220;#FFFFFF&#8220; button_bg_color=&#8220;#7A6855&#8243; button_border_color=&#8220;#7A6855&#8243; button_border_radius=&#8220;10px&#8220; button_use_icon=&#8220;off&#8220; custom_margin=&#8220;30px||||false|false&#8220; custom_css_free_form=&#8220;selector .et-pb-contact-message p {||  font-size: 20px;||  line-height: 1.5em;||  color: #ffffff;||}||||selector .et-pb-contact-message:has(ul) p {||  font-size: 16px;||  line-height: 1.5em;||  color: #ffffff;||}||||selector .et-pb-contact-message ul {||  font-size: 16px;||  line-height: 1.5em;||  color: #ffffff;||}&#8220; border_radii=&#8220;on|10px|10px|10px|10px&#8220; border_width_all=&#8220;2px&#8220; border_color_all=&#8220;#FFFFFF&#8220; global_colors_info=&#8220;{}&#8220; button_bg_color__hover_enabled=&#8220;on|hover&#8220; button_bg_color__hover=&#8220;#507F70&#8243; button_bg_enable_color__hover=&#8220;on&#8220; button_border_color__hover_enabled=&#8220;on|desktop&#8220; button_border_color__hover=&#8220;#507F70&#8243;][et_pb_contact_field field_id=&#8220;f-nombre&#8220; field_title=&#8220;Name&#8220; fullwidth_field=&#8220;on&#8220; _builder_version=&#8220;4.27.4&#8243; global_colors_info=&#8220;{}&#8220; button_text_size__hover_enabled=&#8220;off&#8220; button_one_text_size__hover_enabled=&#8220;off&#8220; button_two_text_size__hover_enabled=&#8220;off&#8220; button_text_color__hover_enabled=&#8220;off&#8220; button_one_text_color__hover_enabled=&#8220;off&#8220; button_two_text_color__hover_enabled=&#8220;off&#8220; button_border_width__hover_enabled=&#8220;off&#8220; button_one_border_width__hover_enabled=&#8220;off&#8220; button_two_border_width__hover_enabled=&#8220;off&#8220; button_border_color__hover_enabled=&#8220;off&#8220; button_one_border_color__hover_enabled=&#8220;off&#8220; button_two_border_color__hover_enabled=&#8220;off&#8220; button_border_radius__hover_enabled=&#8220;off&#8220; button_one_border_radius__hover_enabled=&#8220;off&#8220; button_two_border_radius__hover_enabled=&#8220;off&#8220; button_letter_spacing__hover_enabled=&#8220;off&#8220; button_one_letter_spacing__hover_enabled=&#8220;off&#8220; button_two_letter_spacing__hover_enabled=&#8220;off&#8220; button_bg_color__hover_enabled=&#8220;off&#8220; button_one_bg_color__hover_enabled=&#8220;off&#8220; button_two_bg_color__hover_enabled=&#8220;off&#8220;][\/et_pb_contact_field][et_pb_contact_field field_id=&#8220;f-email&#8220; field_title=&#8220;E-Mail&#8220; field_type=&#8220;email&#8220; _builder_version=&#8220;4.27.4&#8243; global_colors_info=&#8220;{}&#8220; button_text_size__hover_enabled=&#8220;off&#8220; button_one_text_size__hover_enabled=&#8220;off&#8220; button_two_text_size__hover_enabled=&#8220;off&#8220; button_text_color__hover_enabled=&#8220;off&#8220; button_one_text_color__hover_enabled=&#8220;off&#8220; button_two_text_color__hover_enabled=&#8220;off&#8220; button_border_width__hover_enabled=&#8220;off&#8220; button_one_border_width__hover_enabled=&#8220;off&#8220; button_two_border_width__hover_enabled=&#8220;off&#8220; button_border_color__hover_enabled=&#8220;off&#8220; button_one_border_color__hover_enabled=&#8220;off&#8220; button_two_border_color__hover_enabled=&#8220;off&#8220; button_border_radius__hover_enabled=&#8220;off&#8220; button_one_border_radius__hover_enabled=&#8220;off&#8220; button_two_border_radius__hover_enabled=&#8220;off&#8220; button_letter_spacing__hover_enabled=&#8220;off&#8220; button_one_letter_spacing__hover_enabled=&#8220;off&#8220; button_two_letter_spacing__hover_enabled=&#8220;off&#8220; button_bg_color__hover_enabled=&#8220;off&#8220; button_one_bg_color__hover_enabled=&#8220;off&#8220; button_two_bg_color__hover_enabled=&#8220;off&#8220;][\/et_pb_contact_field][et_pb_contact_field field_id=&#8220;f-telefono&#8220; field_title=&#8220;Telefon&#8220; required_mark=&#8220;off&#8220; _builder_version=&#8220;4.27.4&#8243; global_colors_info=&#8220;{}&#8220; button_text_size__hover_enabled=&#8220;off&#8220; button_one_text_size__hover_enabled=&#8220;off&#8220; button_two_text_size__hover_enabled=&#8220;off&#8220; button_text_color__hover_enabled=&#8220;off&#8220; button_one_text_color__hover_enabled=&#8220;off&#8220; button_two_text_color__hover_enabled=&#8220;off&#8220; button_border_width__hover_enabled=&#8220;off&#8220; button_one_border_width__hover_enabled=&#8220;off&#8220; button_two_border_width__hover_enabled=&#8220;off&#8220; button_border_color__hover_enabled=&#8220;off&#8220; button_one_border_color__hover_enabled=&#8220;off&#8220; button_two_border_color__hover_enabled=&#8220;off&#8220; button_border_radius__hover_enabled=&#8220;off&#8220; button_one_border_radius__hover_enabled=&#8220;off&#8220; button_two_border_radius__hover_enabled=&#8220;off&#8220; button_letter_spacing__hover_enabled=&#8220;off&#8220; button_one_letter_spacing__hover_enabled=&#8220;off&#8220; button_two_letter_spacing__hover_enabled=&#8220;off&#8220; button_bg_color__hover_enabled=&#8220;off&#8220; button_one_bg_color__hover_enabled=&#8220;off&#8220; button_two_bg_color__hover_enabled=&#8220;off&#8220;][\/et_pb_contact_field][et_pb_contact_field field_id=&#8220;f-mensaje&#8220; field_title=&#8220;Missatge&#8220; field_type=&#8220;text&#8220; required_mark=&#8220;off&#8220; fullwidth_field=&#8220;on&#8220; _builder_version=&#8220;4.27.4&#8243; global_colors_info=&#8220;{}&#8220; button_text_size__hover_enabled=&#8220;off&#8220; button_one_text_size__hover_enabled=&#8220;off&#8220; button_two_text_size__hover_enabled=&#8220;off&#8220; button_text_color__hover_enabled=&#8220;off&#8220; button_one_text_color__hover_enabled=&#8220;off&#8220; button_two_text_color__hover_enabled=&#8220;off&#8220; button_border_width__hover_enabled=&#8220;off&#8220; button_one_border_width__hover_enabled=&#8220;off&#8220; button_two_border_width__hover_enabled=&#8220;off&#8220; button_border_color__hover_enabled=&#8220;off&#8220; button_one_border_color__hover_enabled=&#8220;off&#8220; button_two_border_color__hover_enabled=&#8220;off&#8220; button_border_radius__hover_enabled=&#8220;off&#8220; button_one_border_radius__hover_enabled=&#8220;off&#8220; button_two_border_radius__hover_enabled=&#8220;off&#8220; button_letter_spacing__hover_enabled=&#8220;off&#8220; button_one_letter_spacing__hover_enabled=&#8220;off&#8220; button_two_letter_spacing__hover_enabled=&#8220;off&#8220; button_bg_color__hover_enabled=&#8220;off&#8220; button_one_bg_color__hover_enabled=&#8220;off&#8220; button_two_bg_color__hover_enabled=&#8220;off&#8220;][\/et_pb_contact_field][\/et_pb_contact_form][\/et_pb_column][et_pb_column type=&#8220;1_3&#8243; _builder_version=&#8220;4.20.2&#8243; _module_preset=&#8220;default&#8220; global_colors_info=&#8220;{}&#8220;][et_pb_blurb title=&#8220;Telefon \/ Whatsapp&#8220; use_icon=&#8220;on&#8220; font_icon=&#8220;&#xe00b;||divi||400&#8243; icon_color=&#8220;#FFFFFF&#8220; icon_placement=&#8220;left&#8220; image_icon_width=&#8220;35px&#8220; _builder_version=&#8220;4.27.4&#8243; _module_preset=&#8220;default&#8220; header_font=&#8220;||||||||&#8220; header_text_color=&#8220;#FFFFFF&#8220; header_font_size=&#8220;22px&#8220; header_line_height=&#8220;1.2em&#8220; body_text_color=&#8220;#FFFFFF&#8220; body_font_size=&#8220;25px&#8220; image_icon_custom_margin=&#8220;||||false|false&#8220; image_icon_custom_padding=&#8220;11px|11px|11px|11px|true|true&#8220; custom_margin=&#8220;30px||||false|false&#8220; border_radii_image=&#8220;on|10px|10px|10px|10px&#8220; border_width_all_image=&#8220;2px&#8220; border_color_all_image=&#8220;#FFFFFF&#8220; global_colors_info=&#8220;{}&#8220;]647 78 26 97[\/et_pb_blurb][et_pb_blurb title=&#8220;E-Mail&#8220; use_icon=&#8220;on&#8220; font_icon=&#8220;&#xe010;||divi||400&#8243; icon_color=&#8220;#FFFFFF&#8220; icon_placement=&#8220;left&#8220; image_icon_width=&#8220;35px&#8220; _builder_version=&#8220;4.27.4&#8243; _module_preset=&#8220;default&#8220; header_font=&#8220;||||||||&#8220; header_text_color=&#8220;#FFFFFF&#8220; header_font_size=&#8220;22px&#8220; header_line_height=&#8220;1.2em&#8220; body_text_color=&#8220;#FFFFFF&#8220; image_icon_custom_margin=&#8220;||||false|false&#8220; image_icon_custom_padding=&#8220;11px|11px|11px|11px|true|true&#8220; custom_margin=&#8220;30px||||false|false&#8220; border_radii_image=&#8220;on|10px|10px|10px|10px&#8220; border_width_all_image=&#8220;2px&#8220; border_color_all_image=&#8220;#FFFFFF&#8220; global_colors_info=&#8220;{}&#8220;]<\/p>\n<p>info@ullastrejardinsiserveis.com<\/p>\n<p>[\/et_pb_blurb][\/et_pb_column][\/et_pb_row][\/et_pb_section][et_pb_section fb_built=&#8220;1&#8243; _builder_version=&#8220;4.16&#8243; _module_preset=&#8220;default&#8220; background_color=&#8220;#ffffff&#8220; background_enable_image=&#8220;off&#8220; background_size=&#8220;initial&#8220; background_position=&#8220;top_left&#8220; global_colors_info=&#8220;{}&#8220;][et_pb_row use_custom_gutter=&#8220;on&#8220; gutter_width=&#8220;1&#8243; custom_padding_last_edited=&#8220;on|phone&#8220; _builder_version=&#8220;4.27.4&#8243; _module_preset=&#8220;default&#8220; background_color=&#8220;#FFFFFF&#8220; custom_margin=&#8220;-150px||||false|false&#8220; custom_padding=&#8220;0px||0px||false|false&#8220; custom_padding_tablet=&#8220;0px||0px||false|false&#8220; custom_padding_phone=&#8220;|25px||25px|false|false&#8220; border_radii=&#8220;on|10px|10px|10px|10px&#8220; box_shadow_style=&#8220;preset1&#8243; box_shadow_color=&#8220;rgba(18,74,47,0.25)&#8220; global_colors_info=&#8220;{}&#8220;][et_pb_column type=&#8220;4_4&#8243; _builder_version=&#8220;4.27.4&#8243; _module_preset=&#8220;default&#8220; custom_padding=&#8220;25px||50px||false|false&#8220; global_colors_info=&#8220;{}&#8220;][et_pb_text _builder_version=&#8220;4.27.4&#8243; _module_preset=&#8220;default&#8220; header_2_text_color=&#8220;#124a2f&#8220; header_2_font_size=&#8220;42px&#8220; background_color=&#8220;#FFFFFF&#8220; text_orientation=&#8220;center&#8220; custom_margin=&#8220;||0px|||&#8220; header_2_font_size_tablet=&#8220;30px&#8220; header_2_font_size_phone=&#8220;35px&#8220; header_2_font_size_last_edited=&#8220;on|phone&#8220; global_colors_info=&#8220;{}&#8220;]<\/p>\n<h2>Wir k\u00fcmmern uns um Ihre Immobilie in Son Maci\u00e0<\/h2>\n<p>[\/et_pb_text][et_pb_divider color=&#8220;#7A6855&#8243; divider_style=&#8220;dotted&#8220; divider_weight=&#8220;8px&#8220; _builder_version=&#8220;4.27.4&#8243; _module_preset=&#8220;default&#8220; width=&#8220;36px&#8220; module_alignment=&#8220;center&#8220; custom_margin=&#8220;||0px||false|false&#8220; global_colors_info=&#8220;{}&#8220;][\/et_pb_divider][et_pb_text _builder_version=&#8220;4.27.4&#8243; _module_preset=&#8220;default&#8220; text_font=&#8220;|&#8211;et_global_body_font_weight|||||||&#8220; text_text_color=&#8220;#7A6855&#8243; text_line_height=&#8220;1.4em&#8220; background_color=&#8220;#FFFFFF&#8220; text_orientation=&#8220;center&#8220; max_width=&#8220;1080px&#8220; module_alignment=&#8220;center&#8220; hover_enabled=&#8220;0&#8243; global_colors_info=&#8220;{}&#8220; sticky_enabled=&#8220;0&#8243;]<\/p>\n<p>Son Maci\u00e0 ist ein Synonym f\u00fcr Natur, Ruhe und rustikale Sch\u00f6nheit. Bei Ullastre <strong>Jardineria i Services<\/strong> sind wir ein multidisziplin\u00e4res Team von Fachleuten, die auf Gartenarbeit, Grundst\u00fcckspflege und Schwimmb\u00e4der spezialisiert sind. <\/p>\n<p>[\/et_pb_text][\/et_pb_column][\/et_pb_row][\/et_pb_section][et_pb_section fb_built=&#8220;1&#8243; module_id=&#8220;Dienstleistungen&#8220; _builder_version=&#8220;4.27.4&#8243; _module_preset=&#8220;default&#8220; background_color=&#8220;#f3f6f4&#8243; background_image=&#8220;https:\/\/demo.divi-pixel.com\/gardener\/wp-content\/uploads\/sites\/7\/2020\/11\/gardener-shape-01.jpg&#8220; background_size=&#8220;initial&#8220; background_position=&#8220;top_left&#8220; width=&#8220;1600px&#8220; max_width=&#8220;90%&#8220; module_alignment=&#8220;center&#8220; custom_margin=&#8220;||||false|false&#8220; custom_padding=&#8220;50px||||false|false&#8220; border_radii=&#8220;off|10px|10px||&#8220; locked=&#8220;off&#8220; global_colors_info=&#8220;{}&#8220;][et_pb_row _builder_version=&#8220;4.16&#8243; _module_preset=&#8220;default&#8220; global_colors_info=&#8220;{}&#8220;][et_pb_column type=&#8220;4_4&#8243; _builder_version=&#8220;4.16&#8243; _module_preset=&#8220;default&#8220; global_colors_info=&#8220;{}&#8220;][et_pb_text _builder_version=&#8220;4.27.4&#8243; _module_preset=&#8220;default&#8220; header_2_text_color=&#8220;#124a2f&#8220; header_2_font_size=&#8220;42px&#8220; text_orientation=&#8220;center&#8220; custom_margin=&#8220;||0px|||&#8220; header_2_font_size_tablet=&#8220;30px&#8220; header_2_font_size_phone=&#8220;35px&#8220; header_2_font_size_last_edited=&#8220;on|phone&#8220; global_colors_info=&#8220;{}&#8220;]<\/p>\n<h2>Was k\u00f6nnen wir f\u00fcr Ihren Betrieb tun?<\/h2>\n<p>[\/et_pb_text][et_pb_divider color=&#8220;#2ab939&#8243; divider_style=&#8220;dotted&#8220; divider_weight=&#8220;8px&#8220; _builder_version=&#8220;4.16&#8243; _module_preset=&#8220;default&#8220; width=&#8220;36px&#8220; module_alignment=&#8220;center&#8220; custom_margin=&#8220;||0px||false|false&#8220; global_colors_info=&#8220;{}&#8220;][\/et_pb_divider][et_pb_text _builder_version=&#8220;4.27.4&#8243; _module_preset=&#8220;default&#8220; text_font=&#8220;||||||||&#8220; text_text_color=&#8220;#7A6855&#8243; text_line_height=&#8220;1.4em&#8220; text_orientation=&#8220;center&#8220; max_width=&#8220;800px&#8220; module_alignment=&#8220;center&#8220; global_colors_info=&#8220;{}&#8220;]<\/p>\n<p>Wenn Sie auf der Suche nach <strong data-start=\"229\" data-end=\"267\">einer Immobilienwartung<\/strong> <strong data-start=\"229\" data-end=\"267\">in<\/strong> Son Maci\u00e0 sind, sind wir Ihre beste Wahl. Wir sind auf die Erhaltung und Verbesserung l\u00e4ndlicher und st\u00e4dtischer Immobilien spezialisiert und sorgen daf\u00fcr, dass sich Ihr Eigentum stets in einwandfreiem Zustand befindet. <\/p>\n<p>[\/et_pb_text][\/et_pb_column][\/et_pb_row][et_pb_row column_structure=&#8220;1_4,1_4,1_4,1_4&#8243; use_custom_gutter=&#8220;on&#8220; gutter_width=&#8220;2&#8243; make_equal=&#8220;on&#8220; _builder_version=&#8220;4.27.4&#8243; _module_preset=&#8220;default&#8220; custom_padding=&#8220;||3px|||&#8220; global_colors_info=&#8220;{}&#8220;][et_pb_column type=&#8220;1_4&#8243; _builder_version=&#8220;4.16&#8243; _module_preset=&#8220;default&#8220; global_colors_info=&#8220;{}&#8220;][et_pb_blurb title=&#8220;Immobilienwartung&#8220; image=&#8220;https:\/\/ullastrejardinsiserveis.com\/wp-content\/uploads\/2020\/11\/icon-08.svg&#8220; alt=&#8220;Immobilienwartung&#8220; image_icon_width=&#8220;80px&#8220; _builder_version=&#8220;4.27.4&#8243; _module_preset=&#8220;default&#8220; header_font=&#8220;|700|||||||&#8220; header_text_color=&#8220;#124a2f&#8220; header_font_size=&#8220;20px&#8220; header_line_height=&#8220;1.2em&#8220; body_font=&#8220;||||||||&#8220; body_text_color=&#8220;#7A6855&#8243; body_line_height=&#8220;1.4em&#8220; custom_padding=&#8220;20px|30px|20px|30px|false|false&#8220; custom_css_blurb_image=&#8220;display:block;||margin-bottom: 5px;&#8220; box_shadow_style=&#8220;preset3&#8243; box_shadow_vertical=&#8220;29px&#8220; box_shadow_blur=&#8220;48px&#8220; box_shadow_color=&#8220;rgba(18,74,47,0)&#8220; image_max_width=&#8220;80px&#8220; global_colors_info=&#8220;{}&#8220; background__hover_enabled=&#8220;on|hover&#8220; background_color__hover=&#8220;#ffffff&#8220; background_enable_color__hover=&#8220;on&#8220; box_shadow_color__hover_enabled=&#8220;on|hover&#8220; box_shadow_color__hover=&#8220;rgba(18,74,47,0.13)&#8220;]<\/p>\n<p>Wir k\u00fcmmern uns um die Reinigung, R\u00e4umung und Konservierung der Immobilien, sodass diese stets in einem einwandfreien Zustand sind. Ideal sowohl f\u00fcr Privatgrundst\u00fccke als auch f\u00fcr landwirtschaftliche Betriebe oder rustikale R\u00e4umlichkeiten. <\/p>\n<p>&nbsp;<\/p>\n<p>[\/et_pb_blurb][\/et_pb_column][et_pb_column type=&#8220;1_4&#8243; _builder_version=&#8220;4.16&#8243; _module_preset=&#8220;default&#8220; global_colors_info=&#8220;{}&#8220;][et_pb_blurb title=&#8220;Pflege von G\u00e4rten und Schwimmb\u00e4dern&#8220; image=&#8220;https:\/\/ullastrejardinsiserveis.com\/wp-content\/uploads\/2020\/11\/icon-13.svg&#8220; alt=&#8220;manteniment-de-jardins&#8220; image_icon_width=&#8220;80px&#8220; _builder_version=&#8220;4.27.4&#8243; _module_preset=&#8220;default&#8220; header_font=&#8220;|700|||||||&#8220; header_text_color=&#8220;#124a2f&#8220; header_font_size=&#8220;20px&#8220; header_line_height=&#8220;1.2em&#8220; body_font=&#8220;||||||||&#8220; body_text_color=&#8220;#7A6855&#8243; body_line_height=&#8220;1.4em&#8220; custom_padding=&#8220;20px|30px|20px|30px|false|false&#8220; custom_css_blurb_image=&#8220;display:block;||margin-bottom: 5px;&#8220; box_shadow_style=&#8220;preset3&#8243; box_shadow_vertical=&#8220;29px&#8220; box_shadow_blur=&#8220;48px&#8220; box_shadow_color=&#8220;rgba(18,74,47,0)&#8220; image_max_width=&#8220;80px&#8220; global_colors_info=&#8220;{}&#8220; background_color__hover=&#8220;#ffffff&#8220; background_enable_color__hover=&#8220;on&#8220; box_shadow_color__hover_enabled=&#8220;on|hover&#8220; box_shadow_color__hover=&#8220;rgba(18,74,47,0.13)&#8220; background__hover_enabled=&#8220;on|hover&#8220;]<\/p>\n<p>Wir k\u00fcmmern uns um Ihren Garten, damit er das ganze Jahr \u00fcber gr\u00fcn und gesund aussieht. Wir beschneiden, gie\u00dfen, d\u00fcngen, bek\u00e4mpfen Sch\u00e4dlinge. Wir k\u00fcmmern uns auch um Ihren Pool.  <\/p>\n<p>[\/et_pb_blurb][\/et_pb_column][et_pb_column type=&#8220;1_4&#8243; _builder_version=&#8220;4.16&#8243; _module_preset=&#8220;default&#8220; global_colors_info=&#8220;{}&#8220;][et_pb_blurb title=&#8220;Rodung und R\u00fcckschnitt von B\u00e4umen und Pflanzen&#8220; image=&#8220;https:\/\/ullastrejardinsiserveis.com\/wp-content\/uploads\/2020\/11\/icon-05.svg&#8220; alt=&#8220;Beschneidung&#8220; image_icon_width=&#8220;80px&#8220; _builder_version=&#8220;4.27.4&#8243; _module_preset=&#8220;default&#8220; header_font=&#8220;|700|||||||&#8220; header_text_color=&#8220;#124a2f&#8220; header_font_size=&#8220;20px&#8220; header_line_height=&#8220;1.2em&#8220; body_font=&#8220;||||||||&#8220; body_text_color=&#8220;#7A6855&#8243; body_line_height=&#8220;1.4em&#8220; custom_padding=&#8220;20px|30px|20px|30px|false|false&#8220; custom_css_blurb_image=&#8220;display:block;||margin-bottom: 5px;&#8220; box_shadow_style=&#8220;preset3&#8243; box_shadow_vertical=&#8220;29px&#8220; box_shadow_blur=&#8220;48px&#8220; box_shadow_color=&#8220;rgba(18,74,47,0)&#8220; image_max_width=&#8220;80px&#8220; global_colors_info=&#8220;{}&#8220; background_color__hover=&#8220;#ffffff&#8220; background_enable_color__hover=&#8220;on&#8220; box_shadow_color__hover_enabled=&#8220;on|hover&#8220; box_shadow_color__hover=&#8220;rgba(18,74,47,0.13)&#8220; background__hover_enabled=&#8220;on|hover&#8220;]<\/p>\n<p>Mit Rodungs- und Beschneidungsdiensten halten wir Ihre R\u00e4ume sauber, sicher und gesund. Wir entfernen unn\u00f6tige Vegetation, Unkraut und trockene \u00c4ste, um die \u00c4sthetik und Gesundheit Ihres Gartens oder Grundst\u00fccks zu verbessern. <\/p>\n<p>[\/et_pb_blurb][\/et_pb_column][et_pb_column type=&#8220;1_4&#8243; _builder_version=&#8220;4.16&#8243; _module_preset=&#8220;default&#8220; global_colors_info=&#8220;{}&#8220;][et_pb_blurb title=&#8220;Pflanzenkontrolle&#8220; image=&#8220;https:\/\/ullastrejardinsiserveis.com\/wp-content\/uploads\/2020\/11\/icon-14.svg&#8220; alt=&#8220;control-de-cultius&#8220; image_icon_width=&#8220;80px&#8220; _builder_version=&#8220;4.27.4&#8243; _module_preset=&#8220;default&#8220; header_font=&#8220;|700|||||||&#8220; header_text_color=&#8220;#124a2f&#8220; header_font_size=&#8220;20px&#8220; header_line_height=&#8220;1.2em&#8220; body_font=&#8220;||||||||&#8220; body_text_color=&#8220;#7A6855&#8243; body_line_height=&#8220;1.4em&#8220; custom_padding=&#8220;20px|30px|20px|30px|false|false&#8220; custom_css_blurb_image=&#8220;display:block;||margin-bottom: 5px;&#8220; box_shadow_style=&#8220;preset3&#8243; box_shadow_vertical=&#8220;29px&#8220; box_shadow_blur=&#8220;48px&#8220; box_shadow_color=&#8220;rgba(18,74,47,0)&#8220; image_max_width=&#8220;80px&#8220; locked=&#8220;off&#8220; global_colors_info=&#8220;{}&#8220; background_color__hover=&#8220;#ffffff&#8220; background_enable_color__hover=&#8220;on&#8220; box_shadow_color__hover_enabled=&#8220;on|hover&#8220; box_shadow_color__hover=&#8220;rgba(18,74,47,0.13)&#8220; background__hover_enabled=&#8220;on|hover&#8220;]<\/p>\n<p>Umfassende \u00dcberwachung der Kulturpflanzen. Vom Zeitpunkt der Pflanzung an unterliegen Wachstum, Gesundheit und Ertrag einer strengen biologischen Kontrolle und Sch\u00e4dlingsbek\u00e4mpfung. <\/p>\n<p>[\/et_pb_blurb][\/et_pb_column][\/et_pb_row][\/et_pb_section][et_pb_section fb_built=&#8220;1&#8243; module_id=&#8220;Dienstleistungen&#8220; _builder_version=&#8220;4.27.4&#8243; _module_preset=&#8220;default&#8220; background_color=&#8220;#f3f6f4&#8243; background_enable_image=&#8220;off&#8220; background_size=&#8220;initial&#8220; background_position=&#8220;top_left&#8220; width=&#8220;1600px&#8220; max_width=&#8220;90%&#8220; module_alignment=&#8220;center&#8220; custom_margin=&#8220;||||false|false&#8220; custom_padding=&#8220;0px||||false|false&#8220; border_radii=&#8220;off|||10px|10px&#8220; global_colors_info=&#8220;{}&#8220;][et_pb_row column_structure=&#8220;1_3,1_3,1_3&#8243; _builder_version=&#8220;4.16&#8243; _module_preset=&#8220;default&#8220; global_colors_info=&#8220;{}&#8220;][et_pb_column type=&#8220;1_3&#8243; _builder_version=&#8220;4.16&#8243; _module_preset=&#8220;default&#8220; global_colors_info=&#8220;{}&#8220;][et_pb_blurb title=&#8220;Proximity-Service&#8220; use_icon=&#8220;on&#8220; font_icon=&#8220;&#x52;||divi||400&#8243; icon_color=&#8220;#7A6855&#8243; icon_placement=&#8220;left&#8220; _builder_version=&#8220;4.27.4&#8243; _module_preset=&#8220;default&#8220; header_text_color=&#8220;#7A6855&#8243; header_font_size=&#8220;20px&#8220; header_line_height=&#8220;1.2em&#8220; body_text_color=&#8220;#7A6855&#8243; body_line_height=&#8220;1.4em&#8220; global_colors_info=&#8220;{}&#8220;]<\/p>\n<p>Der Hauptsitz von Ullastre Jardineria befindet sich in der Gegend von Son Maci\u00e0.<\/p>\n<p>[\/et_pb_blurb][\/et_pb_column][et_pb_column type=&#8220;1_3&#8243; _builder_version=&#8220;4.16&#8243; _module_preset=&#8220;default&#8220; global_colors_info=&#8220;{}&#8220;][et_pb_blurb title=&#8220;Verpflichtung zur Qualit\u00e4t&#8220; use_icon=&#8220;on&#8220; font_icon=&#8220;&#x52;||divi||400&#8243; icon_color=&#8220;#7A6855&#8243; icon_placement=&#8220;left&#8220; _builder_version=&#8220;4.27.4&#8243; _module_preset=&#8220;default&#8220; header_text_color=&#8220;#7A6855&#8243; header_font_size=&#8220;20px&#8220; header_line_height=&#8220;1.2em&#8220; body_text_color=&#8220;#7A6855&#8243; body_line_height=&#8220;1.4em&#8220; global_colors_info=&#8220;{}&#8220;]<\/p>\n<p>Wir nutzen moderne Techniken, um die besten Ergebnisse zu garantieren.<\/p>\n<p>[\/et_pb_blurb][\/et_pb_column][et_pb_column type=&#8220;1_3&#8243; _builder_version=&#8220;4.16&#8243; _module_preset=&#8220;default&#8220; global_colors_info=&#8220;{}&#8220;][et_pb_blurb title=&#8220;Sofortige Antwort&#8220; use_icon=&#8220;on&#8220; font_icon=&#8220;&#x52;||divi||400&#8243; icon_color=&#8220;#7A6855&#8243; icon_placement=&#8220;left&#8220; _builder_version=&#8220;4.27.4&#8243; _module_preset=&#8220;default&#8220; header_text_color=&#8220;#7A6855&#8243; header_font_size=&#8220;20px&#8220; header_line_height=&#8220;1.2em&#8220; body_text_color=&#8220;#7A6855&#8243; body_line_height=&#8220;1.4em&#8220; global_colors_info=&#8220;{}&#8220;]<\/p>\n<p>Sofortige, professionelle und pers\u00f6nliche Antwort in Son Maci\u00e0.<\/p>\n<p>[\/et_pb_blurb][\/et_pb_column][\/et_pb_row][et_pb_row column_structure=&#8220;1_4,1_2,1_4&#8243; use_custom_gutter=&#8220;on&#8220; gutter_width=&#8220;2&#8243; make_equal=&#8220;on&#8220; _builder_version=&#8220;4.27.4&#8243; _module_preset=&#8220;default&#8220; background_color=&#8220;#507F70&#8243; custom_margin=&#8220;80px||||false|false&#8220; custom_padding=&#8220;0px||0px||false|false&#8220; border_radii=&#8220;on|10px|10px|10px|10px&#8220; locked=&#8220;off&#8220; global_colors_info=&#8220;{}&#8220;][et_pb_column type=&#8220;1_4&#8243; module_class=&#8220;dp-vertical-align&#8220; _builder_version=&#8220;4.27.4&#8243; _module_preset=&#8220;default&#8220; background_image=&#8220;https:\/\/ullastrejardinsiserveis.com\/wp-content\/uploads\/2020\/11\/gardener-03.jpg&#8220; custom_padding_tablet=&#8220;500px||||false|false&#8220; custom_padding_phone=&#8220;250px||||false|false&#8220; custom_padding_last_edited=&#8220;on|phone&#8220; global_colors_info=&#8220;{}&#8220;][\/et_pb_column][et_pb_column type=&#8220;1_2&#8243; module_class=&#8220;dp-vertical-align&#8220; _builder_version=&#8220;4.16&#8243; _module_preset=&#8220;default&#8220; global_colors_info=&#8220;{}&#8220;][et_pb_cta title=&#8220;Fordern Sie jetzt Ihr Angebot an!&#8220; button_text=&#8220;klicken Sie hier&#8220; _builder_version=&#8220;4.27.4&#8243; _module_preset=&#8220;default&#8220; header_font_size=&#8220;25px&#8220; header_line_height=&#8220;1.4em&#8220; body_font=&#8220;||||||||&#8220; body_text_color=&#8220;#FFFFFF&#8220; background_color=&#8220;rgba(0,0,0,0)&#8220; text_orientation=&#8220;left&#8220; custom_margin_tablet=&#8220;||||false|false&#8220; custom_margin_phone=&#8220;&#8220; custom_margin_last_edited=&#8220;on|tablet&#8220; custom_padding_tablet=&#8220;||0px||false|false&#8220; custom_padding_phone=&#8220;&#8220; custom_padding_last_edited=&#8220;on|phone&#8220; header_font_size_tablet=&#8220;&#8220; header_font_size_phone=&#8220;22px&#8220; header_font_size_last_edited=&#8220;on|phone&#8220; global_colors_info=&#8220;{}&#8220;]<\/p>\n<p>Sagen Sie uns, was Sie brauchen, und wir erstellen Ihnen umgehend ein Budget, das an die Bed\u00fcrfnisse Ihrer Immobilie in Son Maci\u00e0.sta angepasst ist.<\/p>\n<p>[\/et_pb_cta][\/et_pb_column][et_pb_column type=&#8220;1_4&#8243; module_class=&#8220;dp-vertical-align&#8220; _builder_version=&#8220;4.16&#8243; _module_preset=&#8220;default&#8220; global_colors_info=&#8220;{}&#8220;][et_pb_button button_url=&#8220;#Contactar&#8220; button_text=&#8220;Fordern Sie ein Angebot an&#8220; button_alignment=&#8220;left&#8220; button_alignment_tablet=&#8220;center&#8220; button_alignment_phone=&#8220;&#8220; button_alignment_last_edited=&#8220;on|phone&#8220; module_class=&#8220;gardener_white_btn&#8220; _builder_version=&#8220;4.27.4&#8243; _module_preset=&#8220;default&#8220; custom_button=&#8220;on&#8220; button_text_color=&#8220;#ffffff&#8220; button_bg_color=&#8220;#7A6855&#8243; button_border_color=&#8220;#7A6855&#8243; button_use_icon=&#8220;off&#8220; custom_margin_tablet=&#8220;0px||30px|0px|false|false&#8220; custom_margin_phone=&#8220;|||0px|false|false&#8220; custom_margin_last_edited=&#8220;on|tablet&#8220; button_text_size_tablet=&#8220;&#8220; button_text_size_phone=&#8220;16px&#8220; button_text_size_last_edited=&#8220;on|phone&#8220; custom_css_main_element=&#8220;padding: 12px 20px !important;&#8220; global_colors_info=&#8220;{}&#8220; button_bg_color__hover_enabled=&#8220;on|hover&#8220; button_bg_color__hover=&#8220;#7A6855&#8243; button_bg_enable_color__hover=&#8220;on&#8220; button_text_color__hover_enabled=&#8220;off|desktop&#8220; button_text_color__hover=&#8220;#124a2f&#8220; custom_css_main_element__hover_enabled=&#8220;on|hover&#8220; custom_css_main_element__hover=&#8220;padding: 12px 20px !important;||background-color: white !important;&#8220; button_border_color__hover_enabled=&#8220;on|hover&#8220; button_border_color__hover=&#8220;#7A6855&#8243;][\/et_pb_button][\/et_pb_column][\/et_pb_row][\/et_pb_section]<\/p>\n","protected":false},"excerpt":{"rendered":"<p>Immobilienpflege in Son Maci\u00e0, ManacorUmfassender Gartenservice und professionelle Pflege f\u00fcr Grundst\u00fccke, G\u00e4rten und Schwimmb\u00e4der in Son Maci\u00e0.Immobilienpflege in Son Maci\u00e0, ManacorUmfassender Garten- und Grundst\u00fcckspflegeservice in Son Maci\u00e0, Manacor.647 78 26 97info@ullastrejardinsiserveis.comWir k\u00fcmmern uns um Ihre Immobilie in Son Maci\u00e0Son Maci\u00e0 ist ein Synonym f\u00fcr Natur, Ruhe und rustikale Sch\u00f6nheit. Bei Ullastre Jardineria i Services sind [&hellip;]<\/p>\n","protected":false},"author":2,"featured_media":632,"parent":0,"menu_order":0,"comment_status":"closed","ping_status":"closed","template":"","meta":{"_et_pb_use_builder":"on","_et_pb_old_content":"","_et_gb_content_width":"","footnotes":""},"dipi_cpt_category":[],"class_list":["post-646","page","type-page","status-publish","has-post-thumbnail","hentry"],"yoast_head":"<!-- This site is optimized with the Yoast SEO plugin v27.1.1 - https:\/\/yoast.com\/product\/yoast-seo-wordpress\/ -->\n<title>Immobilienpflege in Son Maci\u00e0, Manacor<\/title>\n<meta name=\"description\" content=\"Umfassende Verwaltung und Pflege von Anwesen in Son Maci\u00e0, Manacor. Wir k\u00fcmmern uns um alle landwirtschaftlichen und wartungstechnischen Belange.\" \/>\n<meta name=\"robots\" content=\"index, follow, max-snippet:-1, max-image-preview:large, max-video-preview:-1\" \/>\n<link rel=\"canonical\" href=\"https:\/\/ullastrejardinsiserveis.com\/de\/immobilienpflege-in-son-macia-manacor\/\" \/>\n<meta property=\"og:locale\" content=\"de_DE\" \/>\n<meta property=\"og:type\" content=\"article\" \/>\n<meta property=\"og:title\" content=\"Immobilienpflege in Son Maci\u00e0, Manacor\" \/>\n<meta property=\"og:description\" content=\"Umfassende Verwaltung und Pflege von Anwesen in Son Maci\u00e0, Manacor. Wir k\u00fcmmern uns um alle landwirtschaftlichen und wartungstechnischen Belange.\" \/>\n<meta property=\"og:url\" content=\"https:\/\/ullastrejardinsiserveis.com\/de\/immobilienpflege-in-son-macia-manacor\/\" \/>\n<meta property=\"og:site_name\" content=\"ULLASTRE - Jardins i serveis\" \/>\n<meta property=\"article:modified_time\" content=\"2025-03-11T11:18:47+00:00\" \/>\n<meta property=\"og:image\" content=\"https:\/\/ullastrejardinsiserveis.com\/wp-content\/uploads\/2025\/02\/Favicon.jpg\" \/>\n\t<meta property=\"og:image:width\" content=\"512\" \/>\n\t<meta property=\"og:image:height\" content=\"512\" \/>\n\t<meta property=\"og:image:type\" content=\"image\/jpeg\" \/>\n<meta name=\"twitter:card\" content=\"summary_large_image\" \/>\n<meta name=\"twitter:label1\" content=\"Gesch\u00e4tzte Lesezeit\" \/>\n\t<meta name=\"twitter:data1\" content=\"18\u00a0Minuten\" \/>\n<script type=\"application\/ld+json\" class=\"yoast-schema-graph\">{\"@context\":\"https:\/\/schema.org\",\"@graph\":[{\"@type\":\"WebPage\",\"@id\":\"https:\/\/ullastrejardinsiserveis.com\/de\/immobilienpflege-in-son-macia-manacor\/\",\"url\":\"https:\/\/ullastrejardinsiserveis.com\/de\/immobilienpflege-in-son-macia-manacor\/\",\"name\":\"Immobilienpflege in Son Maci\u00e0, Manacor\",\"isPartOf\":{\"@id\":\"https:\/\/ullastrejardinsiserveis.com\/de\/#website\"},\"primaryImageOfPage\":{\"@id\":\"https:\/\/ullastrejardinsiserveis.com\/de\/immobilienpflege-in-son-macia-manacor\/#primaryimage\"},\"image\":{\"@id\":\"https:\/\/ullastrejardinsiserveis.com\/de\/immobilienpflege-in-son-macia-manacor\/#primaryimage\"},\"thumbnailUrl\":\"https:\/\/ullastrejardinsiserveis.com\/wp-content\/uploads\/2025\/02\/Favicon.jpg\",\"datePublished\":\"2025-02-11T11:37:43+00:00\",\"dateModified\":\"2025-03-11T11:18:47+00:00\",\"description\":\"Umfassende Verwaltung und Pflege von Anwesen in Son Maci\u00e0, Manacor. Wir k\u00fcmmern uns um alle landwirtschaftlichen und wartungstechnischen Belange.\",\"breadcrumb\":{\"@id\":\"https:\/\/ullastrejardinsiserveis.com\/de\/immobilienpflege-in-son-macia-manacor\/#breadcrumb\"},\"inLanguage\":\"de\",\"potentialAction\":[{\"@type\":\"ReadAction\",\"target\":[\"https:\/\/ullastrejardinsiserveis.com\/de\/immobilienpflege-in-son-macia-manacor\/\"]}]},{\"@type\":\"ImageObject\",\"inLanguage\":\"de\",\"@id\":\"https:\/\/ullastrejardinsiserveis.com\/de\/immobilienpflege-in-son-macia-manacor\/#primaryimage\",\"url\":\"https:\/\/ullastrejardinsiserveis.com\/wp-content\/uploads\/2025\/02\/Favicon.jpg\",\"contentUrl\":\"https:\/\/ullastrejardinsiserveis.com\/wp-content\/uploads\/2025\/02\/Favicon.jpg\",\"width\":512,\"height\":512},{\"@type\":\"BreadcrumbList\",\"@id\":\"https:\/\/ullastrejardinsiserveis.com\/de\/immobilienpflege-in-son-macia-manacor\/#breadcrumb\",\"itemListElement\":[{\"@type\":\"ListItem\",\"position\":1,\"name\":\"Portada\",\"item\":\"https:\/\/ullastrejardinsiserveis.com\/de\/heim\/\"},{\"@type\":\"ListItem\",\"position\":2,\"name\":\"Immobilienpflege in Son Maci\u00e0, Manacor\"}]},{\"@type\":\"WebSite\",\"@id\":\"https:\/\/ullastrejardinsiserveis.com\/de\/#website\",\"url\":\"https:\/\/ullastrejardinsiserveis.com\/de\/\",\"name\":\"Ullastre Jardineria i Serveis\",\"description\":\"Serveis de jardineria a Mallorca\",\"publisher\":{\"@id\":\"https:\/\/ullastrejardinsiserveis.com\/de\/#organization\"},\"potentialAction\":[{\"@type\":\"SearchAction\",\"target\":{\"@type\":\"EntryPoint\",\"urlTemplate\":\"https:\/\/ullastrejardinsiserveis.com\/de\/?s={search_term_string}\"},\"query-input\":{\"@type\":\"PropertyValueSpecification\",\"valueRequired\":true,\"valueName\":\"search_term_string\"}}],\"inLanguage\":\"de\"},{\"@type\":\"Organization\",\"@id\":\"https:\/\/ullastrejardinsiserveis.com\/de\/#organization\",\"name\":\"Ullastre Jardineria i Serveis\",\"url\":\"https:\/\/ullastrejardinsiserveis.com\/de\/\",\"logo\":{\"@type\":\"ImageObject\",\"inLanguage\":\"de\",\"@id\":\"https:\/\/ullastrejardinsiserveis.com\/de\/#\/schema\/logo\/image\/\",\"url\":\"https:\/\/ullastrejardinsiserveis.com\/wp-content\/uploads\/2025\/02\/Logo-Web-Ullastre-H.png\",\"contentUrl\":\"https:\/\/ullastrejardinsiserveis.com\/wp-content\/uploads\/2025\/02\/Logo-Web-Ullastre-H.png\",\"width\":500,\"height\":215,\"caption\":\"Ullastre Jardineria i Serveis\"},\"image\":{\"@id\":\"https:\/\/ullastrejardinsiserveis.com\/de\/#\/schema\/logo\/image\/\"}}]}<\/script>\n<!-- \/ Yoast SEO plugin. -->","yoast_head_json":{"title":"Immobilienpflege in Son Maci\u00e0, Manacor","description":"Umfassende Verwaltung und Pflege von Anwesen in Son Maci\u00e0, Manacor. Wir k\u00fcmmern uns um alle landwirtschaftlichen und wartungstechnischen Belange.","robots":{"index":"index","follow":"follow","max-snippet":"max-snippet:-1","max-image-preview":"max-image-preview:large","max-video-preview":"max-video-preview:-1"},"canonical":"https:\/\/ullastrejardinsiserveis.com\/de\/immobilienpflege-in-son-macia-manacor\/","og_locale":"de_DE","og_type":"article","og_title":"Immobilienpflege in Son Maci\u00e0, Manacor","og_description":"Umfassende Verwaltung und Pflege von Anwesen in Son Maci\u00e0, Manacor. Wir k\u00fcmmern uns um alle landwirtschaftlichen und wartungstechnischen Belange.","og_url":"https:\/\/ullastrejardinsiserveis.com\/de\/immobilienpflege-in-son-macia-manacor\/","og_site_name":"ULLASTRE - Jardins i serveis","article_modified_time":"2025-03-11T11:18:47+00:00","og_image":[{"width":512,"height":512,"url":"https:\/\/ullastrejardinsiserveis.com\/wp-content\/uploads\/2025\/02\/Favicon.jpg","type":"image\/jpeg"}],"twitter_card":"summary_large_image","twitter_misc":{"Gesch\u00e4tzte Lesezeit":"18\u00a0Minuten"},"schema":{"@context":"https:\/\/schema.org","@graph":[{"@type":"WebPage","@id":"https:\/\/ullastrejardinsiserveis.com\/de\/immobilienpflege-in-son-macia-manacor\/","url":"https:\/\/ullastrejardinsiserveis.com\/de\/immobilienpflege-in-son-macia-manacor\/","name":"Immobilienpflege in Son Maci\u00e0, Manacor","isPartOf":{"@id":"https:\/\/ullastrejardinsiserveis.com\/de\/#website"},"primaryImageOfPage":{"@id":"https:\/\/ullastrejardinsiserveis.com\/de\/immobilienpflege-in-son-macia-manacor\/#primaryimage"},"image":{"@id":"https:\/\/ullastrejardinsiserveis.com\/de\/immobilienpflege-in-son-macia-manacor\/#primaryimage"},"thumbnailUrl":"https:\/\/ullastrejardinsiserveis.com\/wp-content\/uploads\/2025\/02\/Favicon.jpg","datePublished":"2025-02-11T11:37:43+00:00","dateModified":"2025-03-11T11:18:47+00:00","description":"Umfassende Verwaltung und Pflege von Anwesen in Son Maci\u00e0, Manacor. Wir k\u00fcmmern uns um alle landwirtschaftlichen und wartungstechnischen Belange.","breadcrumb":{"@id":"https:\/\/ullastrejardinsiserveis.com\/de\/immobilienpflege-in-son-macia-manacor\/#breadcrumb"},"inLanguage":"de","potentialAction":[{"@type":"ReadAction","target":["https:\/\/ullastrejardinsiserveis.com\/de\/immobilienpflege-in-son-macia-manacor\/"]}]},{"@type":"ImageObject","inLanguage":"de","@id":"https:\/\/ullastrejardinsiserveis.com\/de\/immobilienpflege-in-son-macia-manacor\/#primaryimage","url":"https:\/\/ullastrejardinsiserveis.com\/wp-content\/uploads\/2025\/02\/Favicon.jpg","contentUrl":"https:\/\/ullastrejardinsiserveis.com\/wp-content\/uploads\/2025\/02\/Favicon.jpg","width":512,"height":512},{"@type":"BreadcrumbList","@id":"https:\/\/ullastrejardinsiserveis.com\/de\/immobilienpflege-in-son-macia-manacor\/#breadcrumb","itemListElement":[{"@type":"ListItem","position":1,"name":"Portada","item":"https:\/\/ullastrejardinsiserveis.com\/de\/heim\/"},{"@type":"ListItem","position":2,"name":"Immobilienpflege in Son Maci\u00e0, Manacor"}]},{"@type":"WebSite","@id":"https:\/\/ullastrejardinsiserveis.com\/de\/#website","url":"https:\/\/ullastrejardinsiserveis.com\/de\/","name":"Ullastre Jardineria i Serveis","description":"Serveis de jardineria a Mallorca","publisher":{"@id":"https:\/\/ullastrejardinsiserveis.com\/de\/#organization"},"potentialAction":[{"@type":"SearchAction","target":{"@type":"EntryPoint","urlTemplate":"https:\/\/ullastrejardinsiserveis.com\/de\/?s={search_term_string}"},"query-input":{"@type":"PropertyValueSpecification","valueRequired":true,"valueName":"search_term_string"}}],"inLanguage":"de"},{"@type":"Organization","@id":"https:\/\/ullastrejardinsiserveis.com\/de\/#organization","name":"Ullastre Jardineria i Serveis","url":"https:\/\/ullastrejardinsiserveis.com\/de\/","logo":{"@type":"ImageObject","inLanguage":"de","@id":"https:\/\/ullastrejardinsiserveis.com\/de\/#\/schema\/logo\/image\/","url":"https:\/\/ullastrejardinsiserveis.com\/wp-content\/uploads\/2025\/02\/Logo-Web-Ullastre-H.png","contentUrl":"https:\/\/ullastrejardinsiserveis.com\/wp-content\/uploads\/2025\/02\/Logo-Web-Ullastre-H.png","width":500,"height":215,"caption":"Ullastre Jardineria i Serveis"},"image":{"@id":"https:\/\/ullastrejardinsiserveis.com\/de\/#\/schema\/logo\/image\/"}}]}},"_links":{"self":[{"href":"https:\/\/ullastrejardinsiserveis.com\/de\/wp-json\/wp\/v2\/pages\/646","targetHints":{"allow":["GET"]}}],"collection":[{"href":"https:\/\/ullastrejardinsiserveis.com\/de\/wp-json\/wp\/v2\/pages"}],"about":[{"href":"https:\/\/ullastrejardinsiserveis.com\/de\/wp-json\/wp\/v2\/types\/page"}],"author":[{"embeddable":true,"href":"https:\/\/ullastrejardinsiserveis.com\/de\/wp-json\/wp\/v2\/users\/2"}],"replies":[{"embeddable":true,"href":"https:\/\/ullastrejardinsiserveis.com\/de\/wp-json\/wp\/v2\/comments?post=646"}],"version-history":[{"count":2,"href":"https:\/\/ullastrejardinsiserveis.com\/de\/wp-json\/wp\/v2\/pages\/646\/revisions"}],"predecessor-version":[{"id":648,"href":"https:\/\/ullastrejardinsiserveis.com\/de\/wp-json\/wp\/v2\/pages\/646\/revisions\/648"}],"wp:featuredmedia":[{"embeddable":true,"href":"https:\/\/ullastrejardinsiserveis.com\/de\/wp-json\/wp\/v2\/media\/632"}],"wp:attachment":[{"href":"https:\/\/ullastrejardinsiserveis.com\/de\/wp-json\/wp\/v2\/media?parent=646"}],"wp:term":[{"taxonomy":"dipi_cpt_category","embeddable":true,"href":"https:\/\/ullastrejardinsiserveis.com\/de\/wp-json\/wp\/v2\/dipi_cpt_category?post=646"}],"curies":[{"name":"wp","href":"https:\/\/api.w.org\/{rel}","templated":true}]}}