{"id":631,"date":"2020-11-04T15:43:19","date_gmt":"2020-11-04T14:43:19","guid":{"rendered":"https:\/\/ullastrejardinsiserveis.com\/heim\/"},"modified":"2025-03-05T11:10:17","modified_gmt":"2025-03-05T10:10:17","slug":"heim","status":"publish","type":"page","link":"https:\/\/ullastrejardinsiserveis.com\/de\/","title":{"rendered":"Heim"},"content":{"rendered":"<p>[et_pb_section fb_built=&#8220;1&#8243; module_id=&#8220;Inici&#8220; _builder_version=&#8220;4.27.4&#8243; _module_preset=&#8220;default&#8220; use_background_color_gradient=&#8220;on&#8220; background_color_gradient_direction=&#8220;90deg&#8220; background_color_gradient_stops=&#8220;rgba(0,0,0,0.7) 0%|rgba(0,0,0,0.27) 100%&#8220; background_color_gradient_overlays_image=&#8220;on&#8220; background_image=&#8220;https:\/\/ullastrejardinsiserveis.com\/wp-content\/uploads\/2020\/11\/gardener-32.jpg&#8220; height=&#8220;60vh&#8220; global_colors_info=&#8220;{}&#8220;][et_pb_row _builder_version=&#8220;4.27.4&#8243; _module_preset=&#8220;default&#8220; global_colors_info=&#8220;{}&#8220;][et_pb_column type=&#8220;4_4&#8243; _builder_version=&#8220;4.27.4&#8243; _module_preset=&#8220;default&#8220; global_colors_info=&#8220;{}&#8220;][et_pb_text _builder_version=&#8220;4.27.4&#8243; _module_preset=&#8220;default&#8220; header_text_color=&#8220;#FFFFFF&#8220; header_font_size=&#8220;20px&#8220; header_2_text_color=&#8220;#FFFFFF&#8220; header_2_font_size=&#8220;70px&#8220; header_2_line_height=&#8220;1.2em&#8220; max_width=&#8220;930px&#8220; custom_margin=&#8220;||20px||false|false&#8220; custom_padding=&#8220;||||false|false&#8220; header_2_font_size_tablet=&#8220;45px&#8220; header_2_font_size_phone=&#8220;35px&#8220; header_2_font_size_last_edited=&#8220;on|phone&#8220; global_colors_info=&#8220;{}&#8220;]<\/p>\n<h2>Cuidam la natura, transformam els teus espais<\/h2>\n<p>[\/et_pb_text][et_pb_text _builder_version=&#8220;4.27.4&#8243; _module_preset=&#8220;default&#8220; header_font=&#8220;&#8211;et_global_body_font|300|||||||&#8220; header_text_color=&#8220;#FFFFFF&#8220; header_font_size=&#8220;20px&#8220; header_line_height=&#8220;1.2em&#8220; header_2_text_color=&#8220;#FFFFFF&#8220; header_2_font_size=&#8220;71px&#8220; custom_margin=&#8220;||||false|false&#8220; custom_padding=&#8220;||||false|false&#8220; header_font_size_tablet=&#8220;18px&#8220; header_font_size_phone=&#8220;16px&#8220; header_font_size_last_edited=&#8220;on|phone&#8220; global_colors_info=&#8220;{}&#8220;]<\/p>\n<h1>Jardineria i manteniment professional per finques, jardins i piscines a Mallorca.<\/h1>\n<p>[\/et_pb_text][\/et_pb_column][\/et_pb_row][\/et_pb_section][et_pb_section fb_built=&#8220;1&#8243; _builder_version=&#8220;4.16&#8243; _module_preset=&#8220;default&#8220; background_color=&#8220;#ffffff&#8220; background_enable_image=&#8220;off&#8220; background_size=&#8220;initial&#8220; background_position=&#8220;top_left&#8220; global_colors_info=&#8220;{}&#8220;][et_pb_row column_structure=&#8220;1_3,1_3,1_3&#8243; use_custom_gutter=&#8220;on&#8220; gutter_width=&#8220;1&#8243; _builder_version=&#8220;4.27.4&#8243; _module_preset=&#8220;default&#8220; custom_margin=&#8220;-150px||||false|false&#8220; custom_padding=&#8220;0px||0px||false|false&#8220; border_radii=&#8220;on|10px|10px|10px|10px&#8220; box_shadow_style=&#8220;preset1&#8243; box_shadow_color=&#8220;rgba(18,74,47,0.25)&#8220; global_colors_info=&#8220;{}&#8220;][et_pb_column type=&#8220;1_3&#8243; _builder_version=&#8220;4.16&#8243; _module_preset=&#8220;default&#8220; global_colors_info=&#8220;{}&#8220;][dipi_hover_box content_title=&#8220;Manteniment de finques&#8220; content_image=&#8220;https:\/\/ullastrejardinsiserveis.com\/wp-content\/uploads\/2020\/11\/icon-08.svg&#8220; content_image_width=&#8220;80px&#8220; body_text=&#8220;<\/p>\n<p>Cuidam la teva finca perqu\u00e8 sempre estigui en \u00f2ptimes condicions.<\/p>\n<p>&#8220; content_hover_title=&#8220;Manteniment de finques&#8220; content_hover_content=&#8220;<\/p>\n<p>Ens encarregam de la neteja, desbrossament i conservaci\u00f3 de finques perqu\u00e8 estiguin sempre en perfectes condicions. Ideal tant per finques particulars com per explotacions agr\u00edcoles o espais r\u00fastics.<\/p>\n<\/p>\n<p>&#8220; box_height=&#8220;280px&#8220; content_bg_color=&#8220;#ffffff&#8220; content_hover_bg_color=&#8220;#f3f6f4&#8243; _builder_version=&#8220;4.27.4&#8243; _module_preset=&#8220;default&#8220; content_title_font=&#8220;|700|||||||&#8220; content_title_text_color=&#8220;#7A6855&#8243; content_title_font_size=&#8220;25px&#8220; content_desc_font=&#8220;||||||||&#8220; content_desc_text_color=&#8220;#7A6855&#8243; content_desc_font_size=&#8220;16px&#8220; content_desc_line_height=&#8220;1.4em&#8220; content_hover_title_font=&#8220;|700|||||||&#8220; content_hover_title_text_color=&#8220;#124a2f&#8220; content_hover_desc_font=&#8220;||||||||&#8220; content_hover_desc_text_color=&#8220;#7A6855&#8243; content_hover_desc_font_size=&#8220;16px&#8220; content_hover_desc_line_height=&#8220;1.6em&#8220; global_colors_info=&#8220;{}&#8220; overlay_bg_color_gradient_type_tablet=&#8220;linear&#8220; overlay_bg_color_gradient_type_phone=&#8220;linear&#8220; overlay_bg_color_gradient_type__hover=&#8220;linear&#8220; image_bg_color_gradient_type__hover=&#8220;linear&#8220;][\/dipi_hover_box][\/et_pb_column][et_pb_column type=&#8220;1_3&#8243; _builder_version=&#8220;4.16&#8243; _module_preset=&#8220;default&#8220; global_colors_info=&#8220;{}&#8220;][dipi_hover_box content_title=&#8220;Manteniment de jardins&#8220; content_image=&#8220;https:\/\/ullastrejardinsiserveis.com\/wp-content\/uploads\/2020\/11\/icon-13.svg&#8220; content_image_width=&#8220;80px&#8220; body_text=&#8220;<\/p>\n<p>Disseny, cura i conservaci\u00f3 de jardins perqu\u00e8 llueixin tot l\u2019any.<\/p>\n<p>&#8220; content_hover_title=&#8220;Manteniment de jardins&#8220; content_hover_content=&#8220;<\/p>\n<p>Cuidam el teu jard\u00ed perqu\u00e8 llueixi verd i saludable durant tot l\u2019any. Fem poda, reg, adobament, control de plagues i qualsevol tasca necess\u00e0ria per mantenir el teu espai exterior impecable.<\/p>\n<\/p>\n<p>&#8220; box_height=&#8220;280px&#8220; content_bg_color=&#8220;#ffffff&#8220; content_hover_bg_color=&#8220;#f3f6f4&#8243; _builder_version=&#8220;4.27.4&#8243; _module_preset=&#8220;default&#8220; content_title_font=&#8220;|700|||||||&#8220; content_title_text_color=&#8220;#7A6855&#8243; content_title_font_size=&#8220;25px&#8220; content_desc_font=&#8220;||||||||&#8220; content_desc_text_color=&#8220;#7A6855&#8243; content_desc_font_size=&#8220;16px&#8220; content_desc_line_height=&#8220;1.4em&#8220; content_hover_title_font=&#8220;|700|||||||&#8220; content_hover_title_text_color=&#8220;#124a2f&#8220; content_hover_desc_font=&#8220;||||||||&#8220; content_hover_desc_text_color=&#8220;#7A6855&#8243; content_hover_desc_font_size=&#8220;16px&#8220; content_hover_desc_line_height=&#8220;1.6em&#8220; global_colors_info=&#8220;{}&#8220; overlay_bg_color_gradient_type_tablet=&#8220;linear&#8220; overlay_bg_color_gradient_type_phone=&#8220;linear&#8220; overlay_bg_color_gradient_type__hover=&#8220;linear&#8220; image_bg_color_gradient_type__hover=&#8220;linear&#8220;][\/dipi_hover_box][\/et_pb_column][et_pb_column type=&#8220;1_3&#8243; _builder_version=&#8220;4.16&#8243; _module_preset=&#8220;default&#8220; global_colors_info=&#8220;{}&#8220;][dipi_hover_box content_title=&#8220;Manteniment de piscines&#8220; content_image=&#8220;https:\/\/ullastrejardinsiserveis.com\/wp-content\/uploads\/2025\/02\/icono-piscina.png&#8220; content_image_width=&#8220;80px&#8220; body_text=&#8220;<\/p>\n<p>Neteja i control de l\u2019aigua per tenir-la sempre cristal\u00b7lina.<\/p>\n<p>&#8220; content_hover_title=&#8220;Manteniment de piscines&#8220; content_hover_content=&#8220;<\/p>\n<p>Ens ocupam de la neteja i el tractament de l\u2019aigua perqu\u00e8 la teva piscina estigui sempre llesta per gaudir-la. Controlam els nivells de clor, pH i realitzam neteges a fons segons les teves necessitats.<\/p>\n<p>&#8220; box_height=&#8220;280px&#8220; content_bg_color=&#8220;#ffffff&#8220; content_hover_bg_color=&#8220;#f3f6f4&#8243; _builder_version=&#8220;4.27.4&#8243; _module_preset=&#8220;default&#8220; content_title_font=&#8220;|700|||||||&#8220; content_title_text_color=&#8220;#7A6855&#8243; content_title_font_size=&#8220;25px&#8220; content_desc_font=&#8220;||||||||&#8220; content_desc_text_color=&#8220;#7A6855&#8243; content_desc_font_size=&#8220;16px&#8220; content_desc_line_height=&#8220;1.4em&#8220; content_hover_title_font=&#8220;|700|||||||&#8220; content_hover_title_text_color=&#8220;#124a2f&#8220; content_hover_desc_font=&#8220;||||||||&#8220; content_hover_desc_text_color=&#8220;#7A6855&#8243; content_hover_desc_font_size=&#8220;16px&#8220; content_hover_desc_line_height=&#8220;1.6em&#8220; global_colors_info=&#8220;{}&#8220; overlay_bg_color_gradient_type_tablet=&#8220;linear&#8220; overlay_bg_color_gradient_type_phone=&#8220;linear&#8220; overlay_bg_color_gradient_type__hover=&#8220;linear&#8220; image_bg_color_gradient_type__hover=&#8220;linear&#8220;][\/dipi_hover_box][\/et_pb_column][\/et_pb_row][\/et_pb_section][et_pb_section fb_built=&#8220;1&#8243; module_id=&#8220;Nosaltres&#8220; _builder_version=&#8220;4.27.4&#8243; _module_preset=&#8220;default&#8220; custom_padding=&#8220;||||false|false&#8220; global_colors_info=&#8220;{}&#8220;][et_pb_row _builder_version=&#8220;4.27.4&#8243; _module_preset=&#8220;default&#8220; custom_margin=&#8220;0px||||false|false&#8220; custom_padding=&#8220;0px||||false|false&#8220; global_colors_info=&#8220;{}&#8220;][et_pb_column type=&#8220;4_4&#8243; _builder_version=&#8220;4.16&#8243; _module_preset=&#8220;default&#8220; global_colors_info=&#8220;{}&#8220;][et_pb_text _builder_version=&#8220;4.27.4&#8243; _module_preset=&#8220;default&#8220; header_2_text_color=&#8220;#124a2f&#8220; header_2_font_size=&#8220;42px&#8220; text_orientation=&#8220;center&#8220; custom_margin=&#8220;||0px|||&#8220; header_2_font_size_tablet=&#8220;30px&#8220; header_2_font_size_phone=&#8220;35px&#8220; header_2_font_size_last_edited=&#8220;on|phone&#8220; global_colors_info=&#8220;{}&#8220;]<\/p>\n<h2>Ens encarregam de tot per tu<\/h2>\n<p>[\/et_pb_text][et_pb_divider color=&#8220;#7A6855&#8243; divider_style=&#8220;dotted&#8220; divider_weight=&#8220;8px&#8220; _builder_version=&#8220;4.27.4&#8243; _module_preset=&#8220;default&#8220; width=&#8220;36px&#8220; module_alignment=&#8220;center&#8220; custom_margin=&#8220;||0px||false|false&#8220; global_colors_info=&#8220;{}&#8220;][\/et_pb_divider][et_pb_text _builder_version=&#8220;4.27.4&#8243; _module_preset=&#8220;default&#8220; text_font=&#8220;|&#8211;et_global_body_font_weight|||||||&#8220; text_text_color=&#8220;#7A6855&#8243; text_line_height=&#8220;1.4em&#8220; text_orientation=&#8220;center&#8220; max_width=&#8220;1080px&#8220; module_alignment=&#8220;center&#8220; global_colors_info=&#8220;{}&#8220;]<\/p>\n<p>A <strong>Ullastre<\/strong>, som un equip de professionals especialitzats en jardineria, manteniment de finques i piscines, amb anys d\u2019experi\u00e8ncia al sector. La nostra passi\u00f3 \u00e9s oferir un servei de qualitat perqu\u00e8 els teus espais exteriors estiguin sempre en les millors condicions.<\/p>\n<p>Treballem tant per particulars com per empreses i ens adaptam a les necessitats de cada client, oferint solucions personalitzades i eficients. Des del manteniment de jardins fins al llaurat de terres amb tractor, garantim un servei professional, cuidant cada detall.<\/p>\n<p>[\/et_pb_text][\/et_pb_column][\/et_pb_row][et_pb_row column_structure=&#8220;1_3,1_3,1_3&#8243; _builder_version=&#8220;4.16&#8243; _module_preset=&#8220;default&#8220; global_colors_info=&#8220;{}&#8220;][et_pb_column type=&#8220;1_3&#8243; _builder_version=&#8220;4.16&#8243; _module_preset=&#8220;default&#8220; global_colors_info=&#8220;{}&#8220;][et_pb_blurb title=&#8220;Tracte proper i personalitzat&#8220; use_icon=&#8220;on&#8220; font_icon=&#8220;&#x52;||divi||400&#8243; icon_color=&#8220;#7A6855&#8243; icon_placement=&#8220;left&#8220; _builder_version=&#8220;4.27.4&#8243; _module_preset=&#8220;default&#8220; header_text_color=&#8220;#7A6855&#8243; header_font_size=&#8220;20px&#8220; header_line_height=&#8220;1.2em&#8220; body_text_color=&#8220;#7A6855&#8243; body_line_height=&#8220;1.4em&#8220; global_colors_info=&#8220;{}&#8220;]<\/p>\n<p>Escoltam les teves necessitats i t\u2019oferim la millor soluci\u00f3.<\/p>\n<p>[\/et_pb_blurb][\/et_pb_column][et_pb_column type=&#8220;1_3&#8243; _builder_version=&#8220;4.16&#8243; _module_preset=&#8220;default&#8220; global_colors_info=&#8220;{}&#8220;][et_pb_blurb title=&#8220;Comprom\u00eds amb la qualitat&#8220; use_icon=&#8220;on&#8220; font_icon=&#8220;&#x52;||divi||400&#8243; icon_color=&#8220;#7A6855&#8243; icon_placement=&#8220;left&#8220; _builder_version=&#8220;4.27.4&#8243; _module_preset=&#8220;default&#8220; header_text_color=&#8220;#7A6855&#8243; header_font_size=&#8220;20px&#8220; header_line_height=&#8220;1.2em&#8220; body_text_color=&#8220;#7A6855&#8243; body_line_height=&#8220;1.4em&#8220; global_colors_info=&#8220;{}&#8220;]<\/p>\n<p>Utilitzam eines i t\u00e8cniques modernes per garantir els millors resultats.<\/p>\n<p>[\/et_pb_blurb][\/et_pb_column][et_pb_column type=&#8220;1_3&#8243; _builder_version=&#8220;4.16&#8243; _module_preset=&#8220;default&#8220; global_colors_info=&#8220;{}&#8220;][et_pb_blurb title=&#8220;Respecte pel medi ambient&#8220; use_icon=&#8220;on&#8220; font_icon=&#8220;&#x52;||divi||400&#8243; icon_color=&#8220;#7A6855&#8243; icon_placement=&#8220;left&#8220; _builder_version=&#8220;4.27.4&#8243; _module_preset=&#8220;default&#8220; header_text_color=&#8220;#7A6855&#8243; header_font_size=&#8220;20px&#8220; header_line_height=&#8220;1.2em&#8220; body_text_color=&#8220;#7A6855&#8243; body_line_height=&#8220;1.4em&#8220; global_colors_info=&#8220;{}&#8220;]<\/p>\n<p>Fomentam pr\u00e0ctiques sostenibles per cuidar la natura.<\/p>\n<p>[\/et_pb_blurb][\/et_pb_column][\/et_pb_row][\/et_pb_section][et_pb_section fb_built=&#8220;1&#8243; module_id=&#8220;Serveis&#8220; _builder_version=&#8220;4.27.4&#8243; _module_preset=&#8220;default&#8220; background_color=&#8220;#f3f6f4&#8243; background_image=&#8220;https:\/\/demo.divi-pixel.com\/gardener\/wp-content\/uploads\/sites\/7\/2020\/11\/gardener-shape-01.jpg&#8220; background_size=&#8220;initial&#8220; background_position=&#8220;top_left&#8220; width=&#8220;1600px&#8220; max_width=&#8220;90%&#8220; module_alignment=&#8220;center&#8220; custom_margin=&#8220;||||false|false&#8220; custom_padding=&#8220;50px||||false|false&#8220; border_radii=&#8220;on|10px|10px|10px|10px&#8220; global_colors_info=&#8220;{}&#8220;][et_pb_row _builder_version=&#8220;4.16&#8243; _module_preset=&#8220;default&#8220; global_colors_info=&#8220;{}&#8220;][et_pb_column type=&#8220;4_4&#8243; _builder_version=&#8220;4.16&#8243; _module_preset=&#8220;default&#8220; global_colors_info=&#8220;{}&#8220;][et_pb_text _builder_version=&#8220;4.27.4&#8243; _module_preset=&#8220;default&#8220; header_2_text_color=&#8220;#124a2f&#8220; header_2_font_size=&#8220;42px&#8220; text_orientation=&#8220;center&#8220; custom_margin=&#8220;||0px|||&#8220; header_2_font_size_tablet=&#8220;30px&#8220; header_2_font_size_phone=&#8220;35px&#8220; header_2_font_size_last_edited=&#8220;on|phone&#8220; global_colors_info=&#8220;{}&#8220;]<\/p>\n<h2>Que t&#8217;oferim?<\/h2>\n<p>[\/et_pb_text][et_pb_divider color=&#8220;#2ab939&#8243; divider_style=&#8220;dotted&#8220; divider_weight=&#8220;8px&#8220; _builder_version=&#8220;4.16&#8243; _module_preset=&#8220;default&#8220; width=&#8220;36px&#8220; module_alignment=&#8220;center&#8220; custom_margin=&#8220;||0px||false|false&#8220; global_colors_info=&#8220;{}&#8220;][\/et_pb_divider][et_pb_text _builder_version=&#8220;4.27.4&#8243; _module_preset=&#8220;default&#8220; text_font=&#8220;||||||||&#8220; text_text_color=&#8220;#7A6855&#8243; text_line_height=&#8220;1.4em&#8220; text_orientation=&#8220;center&#8220; max_width=&#8220;800px&#8220; module_alignment=&#8220;center&#8220; global_colors_info=&#8220;{}&#8220;]<\/p>\n<p>Amb experi\u00e8ncia, comprom\u00eds i eines de qualitat, t\u2019ajudam a tenir un jard\u00ed saludable, una finca ben cuidada i una piscina impecable en qualsevol \u00e8poca de l\u2019any.<\/p>\n<p>[\/et_pb_text][\/et_pb_column][\/et_pb_row][et_pb_row column_structure=&#8220;1_4,1_4,1_4,1_4&#8243; use_custom_gutter=&#8220;on&#8220; gutter_width=&#8220;2&#8243; make_equal=&#8220;on&#8220; _builder_version=&#8220;4.27.4&#8243; _module_preset=&#8220;default&#8220; global_colors_info=&#8220;{}&#8220;][et_pb_column type=&#8220;1_4&#8243; _builder_version=&#8220;4.16&#8243; _module_preset=&#8220;default&#8220; global_colors_info=&#8220;{}&#8220;][et_pb_blurb title=&#8220;Manteniment de finques&#8220; image=&#8220;https:\/\/ullastrejardinsiserveis.com\/wp-content\/uploads\/2020\/11\/icon-08.svg&#8220; image_icon_width=&#8220;80px&#8220; _builder_version=&#8220;4.27.4&#8243; _module_preset=&#8220;default&#8220; header_font=&#8220;|700|||||||&#8220; header_text_color=&#8220;#124a2f&#8220; header_font_size=&#8220;20px&#8220; header_line_height=&#8220;1.2em&#8220; body_font=&#8220;||||||||&#8220; body_text_color=&#8220;#7A6855&#8243; body_line_height=&#8220;1.4em&#8220; custom_padding=&#8220;20px|30px|20px|30px|false|false&#8220; custom_css_blurb_image=&#8220;display:block;||margin-bottom: 5px;&#8220; box_shadow_style=&#8220;preset3&#8243; box_shadow_vertical=&#8220;29px&#8220; box_shadow_blur=&#8220;48px&#8220; box_shadow_color=&#8220;rgba(18,74,47,0)&#8220; image_max_width=&#8220;80px&#8220; global_colors_info=&#8220;{}&#8220; background__hover_enabled=&#8220;on|hover&#8220; background_color__hover=&#8220;#ffffff&#8220; background_enable_color__hover=&#8220;on&#8220; box_shadow_color__hover_enabled=&#8220;on|hover&#8220; box_shadow_color__hover=&#8220;rgba(18,74,47,0.13)&#8220;]<\/p>\n<p>Ens encarregam de la neteja, desbrossament i conservaci\u00f3 de finques perqu\u00e8 estiguin sempre en perfectes condicions. Ideal tant per finques particulars com per explotacions agr\u00edcoles o espais r\u00fastics.<\/p>\n<p>&nbsp;<\/p>\n<p>[\/et_pb_blurb][\/et_pb_column][et_pb_column type=&#8220;1_4&#8243; _builder_version=&#8220;4.16&#8243; _module_preset=&#8220;default&#8220; global_colors_info=&#8220;{}&#8220;][et_pb_blurb title=&#8220;Manteniment de jardins&#8220; image=&#8220;https:\/\/ullastrejardinsiserveis.com\/wp-content\/uploads\/2020\/11\/icon-13.svg&#8220; image_icon_width=&#8220;80px&#8220; _builder_version=&#8220;4.27.4&#8243; _module_preset=&#8220;default&#8220; header_font=&#8220;|700|||||||&#8220; header_text_color=&#8220;#124a2f&#8220; header_font_size=&#8220;20px&#8220; header_line_height=&#8220;1.2em&#8220; body_font=&#8220;||||||||&#8220; body_text_color=&#8220;#7A6855&#8243; body_line_height=&#8220;1.4em&#8220; custom_padding=&#8220;20px|30px|20px|30px|false|false&#8220; custom_css_blurb_image=&#8220;display:block;||margin-bottom: 5px;&#8220; box_shadow_style=&#8220;preset3&#8243; box_shadow_vertical=&#8220;29px&#8220; box_shadow_blur=&#8220;48px&#8220; box_shadow_color=&#8220;rgba(18,74,47,0)&#8220; image_max_width=&#8220;80px&#8220; global_colors_info=&#8220;{}&#8220; background_color__hover=&#8220;#ffffff&#8220; background_enable_color__hover=&#8220;on&#8220; box_shadow_color__hover_enabled=&#8220;on|hover&#8220; box_shadow_color__hover=&#8220;rgba(18,74,47,0.13)&#8220; background__hover_enabled=&#8220;on|hover&#8220;]<\/p>\n<p>Cuidam el teu jard\u00ed perqu\u00e8 llueixi verd i saludable durant tot l\u2019any. Fem poda, reg, adobament, control de plagues i qualsevol tasca necess\u00e0ria per mantenir el teu espai exterior impecable.<\/p>\n<p>[\/et_pb_blurb][\/et_pb_column][et_pb_column type=&#8220;1_4&#8243; _builder_version=&#8220;4.16&#8243; _module_preset=&#8220;default&#8220; global_colors_info=&#8220;{}&#8220;][et_pb_blurb title=&#8220;Manteniment de piscines&#8220; image=&#8220;https:\/\/ullastrejardinsiserveis.com\/wp-content\/uploads\/2025\/02\/icono-piscina.png&#8220; image_icon_width=&#8220;80px&#8220; icon_alignment=&#8220;left&#8220; _builder_version=&#8220;4.27.4&#8243; _module_preset=&#8220;default&#8220; header_font=&#8220;|700|||||||&#8220; header_text_color=&#8220;#124a2f&#8220; header_font_size=&#8220;20px&#8220; header_line_height=&#8220;1.2em&#8220; body_font=&#8220;||||||||&#8220; body_text_color=&#8220;#7A6855&#8243; body_line_height=&#8220;1.4em&#8220; custom_padding=&#8220;20px|30px|20px|30px|false|false&#8220; custom_css_blurb_image=&#8220;display:block;||margin-bottom: 5px;&#8220; box_shadow_style=&#8220;preset3&#8243; box_shadow_vertical=&#8220;29px&#8220; box_shadow_blur=&#8220;48px&#8220; box_shadow_color=&#8220;rgba(18,74,47,0)&#8220; image_max_width=&#8220;80px&#8220; global_colors_info=&#8220;{}&#8220; background_color__hover=&#8220;#ffffff&#8220; background_enable_color__hover=&#8220;on&#8220; box_shadow_color__hover_enabled=&#8220;on|hover&#8220; box_shadow_color__hover=&#8220;rgba(18,74,47,0.13)&#8220; background__hover_enabled=&#8220;on|hover&#8220;]<\/p>\n<p>Ens ocupam de la neteja i el tractament de l\u2019aigua perqu\u00e8 la teva piscina estigui sempre llesta per gaudir-la. Controlam els nivells de clor, pH i realitzam neteges a fons segons les teves necessitats.<\/p>\n<p>[\/et_pb_blurb][\/et_pb_column][et_pb_column type=&#8220;1_4&#8243; _builder_version=&#8220;4.16&#8243; _module_preset=&#8220;default&#8220; global_colors_info=&#8220;{}&#8220;][et_pb_blurb title=&#8220;Llagunes artificials&#8220; image=&#8220;https:\/\/ullastrejardinsiserveis.com\/wp-content\/uploads\/2020\/11\/icon-06.svg&#8220; image_icon_width=&#8220;80px&#8220; icon_alignment=&#8220;left&#8220; _builder_version=&#8220;4.27.4&#8243; _module_preset=&#8220;default&#8220; header_font=&#8220;|700|||||||&#8220; header_text_color=&#8220;#124a2f&#8220; header_font_size=&#8220;20px&#8220; header_line_height=&#8220;1.2em&#8220; body_font=&#8220;||||||||&#8220; body_text_color=&#8220;#7A6855&#8243; body_line_height=&#8220;1.4em&#8220; custom_padding=&#8220;20px|30px|20px|30px|false|false&#8220; custom_css_blurb_image=&#8220;display:block;||margin-bottom: 5px;&#8220; box_shadow_style=&#8220;preset3&#8243; box_shadow_vertical=&#8220;29px&#8220; box_shadow_blur=&#8220;48px&#8220; box_shadow_color=&#8220;rgba(18,74,47,0)&#8220; image_max_width=&#8220;80px&#8220; locked=&#8220;off&#8220; global_colors_info=&#8220;{}&#8220; background_color__hover=&#8220;#ffffff&#8220; background_enable_color__hover=&#8220;on&#8220; box_shadow_color__hover_enabled=&#8220;on|hover&#8220; box_shadow_color__hover=&#8220;rgba(18,74,47,0.13)&#8220; background__hover_enabled=&#8220;on|hover&#8220;]<\/p>\n<p>Cream llagunes artificials amb lones impermeables EPDM (<span>Etileno Propileno Dieno)<\/span> d&#8217;una sola pe\u00e7a. Planificam, dissenyam i executam el projecte de principi a fi i amb una garantia de durabilitat de fins a 20 anys.<\/p>\n<p>[\/et_pb_blurb][\/et_pb_column][\/et_pb_row][et_pb_row column_structure=&#8220;1_4,1_4,1_4,1_4&#8243; use_custom_gutter=&#8220;on&#8220; gutter_width=&#8220;2&#8243; make_equal=&#8220;on&#8220; _builder_version=&#8220;4.27.4&#8243; _module_preset=&#8220;default&#8220; global_colors_info=&#8220;{}&#8220;][et_pb_column type=&#8220;1_4&#8243; _builder_version=&#8220;4.16&#8243; _module_preset=&#8220;default&#8220; global_colors_info=&#8220;{}&#8220;][et_pb_blurb title=&#8220;Llaurat amb tractor&#8220; image=&#8220;https:\/\/ullastrejardinsiserveis.com\/wp-content\/uploads\/2020\/11\/icon-04.svg&#8220; image_icon_width=&#8220;80px&#8220; _builder_version=&#8220;4.27.4&#8243; _module_preset=&#8220;default&#8220; header_font=&#8220;|700|||||||&#8220; header_text_color=&#8220;#124a2f&#8220; header_font_size=&#8220;20px&#8220; header_line_height=&#8220;1.2em&#8220; body_font=&#8220;||||||||&#8220; body_text_color=&#8220;#7A6855&#8243; body_line_height=&#8220;1.4em&#8220; custom_padding=&#8220;20px|30px|20px|30px|false|false&#8220; custom_css_blurb_image=&#8220;display:block;||margin-bottom: 5px;&#8220; box_shadow_style=&#8220;preset3&#8243; box_shadow_vertical=&#8220;29px&#8220; box_shadow_blur=&#8220;48px&#8220; box_shadow_color=&#8220;rgba(18,74,47,0)&#8220; image_max_width=&#8220;80px&#8220; global_colors_info=&#8220;{}&#8220; background_color__hover=&#8220;#ffffff&#8220; background_enable_color__hover=&#8220;on&#8220; box_shadow_color__hover_enabled=&#8220;on|hover&#8220; box_shadow_color__hover=&#8220;rgba(18,74,47,0.13)&#8220; background__hover_enabled=&#8220;on|hover&#8220;]<\/p>\n<p>Oferim serveis de llaurat i preparaci\u00f3 del terreny amb maquin\u00e0ria especialitzada, ideal per conreus, horts i grans extensions de terra. Milloram la qualitat del s\u00f2l perqu\u00e8 obtinguis millors resultats.<\/p>\n<p>[\/et_pb_blurb][\/et_pb_column][et_pb_column type=&#8220;1_4&#8243; _builder_version=&#8220;4.16&#8243; _module_preset=&#8220;default&#8220; global_colors_info=&#8220;{}&#8220;][et_pb_blurb title=&#8220;Desbrosat i poda d\u2019arbres i plantes&#8220; image=&#8220;https:\/\/ullastrejardinsiserveis.com\/wp-content\/uploads\/2020\/11\/icon-05.svg&#8220; image_icon_width=&#8220;80px&#8220; _builder_version=&#8220;4.27.4&#8243; _module_preset=&#8220;default&#8220; header_font=&#8220;|700|||||||&#8220; header_text_color=&#8220;#124a2f&#8220; header_font_size=&#8220;20px&#8220; header_line_height=&#8220;1.2em&#8220; body_font=&#8220;||||||||&#8220; body_text_color=&#8220;#7A6855&#8243; body_line_height=&#8220;1.4em&#8220; custom_padding=&#8220;20px|30px|20px|30px|false|false&#8220; custom_css_blurb_image=&#8220;display:block;||margin-bottom: 5px;&#8220; box_shadow_style=&#8220;preset3&#8243; box_shadow_vertical=&#8220;29px&#8220; box_shadow_blur=&#8220;48px&#8220; box_shadow_color=&#8220;rgba(18,74,47,0)&#8220; image_max_width=&#8220;80px&#8220; global_colors_info=&#8220;{}&#8220; background_color__hover=&#8220;#ffffff&#8220; background_enable_color__hover=&#8220;on&#8220; box_shadow_color__hover_enabled=&#8220;on|hover&#8220; box_shadow_color__hover=&#8220;rgba(18,74,47,0.13)&#8220; background__hover_enabled=&#8220;on|hover&#8220;]Mantenim els teus espais nets, segurs i saludables amb serveis de desbrossat i poda. Eliminam la vegetaci\u00f3 innecess\u00e0ria, males herbes i branques seques per millorar l\u2019est\u00e8tica i la salut del teu jard\u00ed o finca.[\/et_pb_blurb][\/et_pb_column][et_pb_column type=&#8220;1_4&#8243; _builder_version=&#8220;4.16&#8243; _module_preset=&#8220;default&#8220; global_colors_info=&#8220;{}&#8220;][et_pb_blurb title=&#8220;Llenya de qualitat&#8220; image=&#8220;https:\/\/ullastrejardinsiserveis.com\/wp-content\/uploads\/2025\/02\/icon-llenya.svg&#8220; image_icon_width=&#8220;80px&#8220; _builder_version=&#8220;4.27.4&#8243; _module_preset=&#8220;default&#8220; header_font=&#8220;|700|||||||&#8220; header_text_color=&#8220;#124a2f&#8220; header_font_size=&#8220;20px&#8220; header_line_height=&#8220;1.2em&#8220; body_font=&#8220;||||||||&#8220; body_text_color=&#8220;#7A6855&#8243; body_line_height=&#8220;1.4em&#8220; custom_padding=&#8220;20px|30px|20px|30px|false|false&#8220; custom_css_blurb_image=&#8220;display:block;||margin-bottom: 5px;&#8220; box_shadow_style=&#8220;preset3&#8243; box_shadow_vertical=&#8220;29px&#8220; box_shadow_blur=&#8220;48px&#8220; box_shadow_color=&#8220;rgba(18,74,47,0)&#8220; image_max_width=&#8220;80px&#8220; global_colors_info=&#8220;{}&#8220; background_color__hover=&#8220;#ffffff&#8220; background_enable_color__hover=&#8220;on&#8220; box_shadow_color__hover_enabled=&#8220;on|hover&#8220; box_shadow_color__hover=&#8220;rgba(18,74,47,0.13)&#8220; background__hover_enabled=&#8220;on|hover&#8220;]<\/p>\n<p>Subministram llenya seca i preparada per a llars de foc, estufes i barbacoes. Disposem de diferents tipus de llenya segons les teves necessitats.<\/p>\n<p>&nbsp;<\/p>\n<p>&nbsp;<\/p>\n<p>[\/et_pb_blurb][\/et_pb_column][et_pb_column type=&#8220;1_4&#8243; _builder_version=&#8220;4.16&#8243; _module_preset=&#8220;default&#8220; global_colors_info=&#8220;{}&#8220;][et_pb_blurb title=&#8220;Control de cultius&#8220; image=&#8220;https:\/\/ullastrejardinsiserveis.com\/wp-content\/uploads\/2020\/11\/icon-14.svg&#8220; image_icon_width=&#8220;80px&#8220; _builder_version=&#8220;4.27.4&#8243; _module_preset=&#8220;default&#8220; header_font=&#8220;|700|||||||&#8220; header_text_color=&#8220;#124a2f&#8220; header_font_size=&#8220;20px&#8220; header_line_height=&#8220;1.2em&#8220; body_font=&#8220;||||||||&#8220; body_text_color=&#8220;#7A6855&#8243; body_line_height=&#8220;1.4em&#8220; custom_padding=&#8220;20px|30px|20px|30px|false|false&#8220; custom_css_blurb_image=&#8220;display:block;||margin-bottom: 5px;&#8220; box_shadow_style=&#8220;preset3&#8243; box_shadow_vertical=&#8220;29px&#8220; box_shadow_blur=&#8220;48px&#8220; box_shadow_color=&#8220;rgba(18,74,47,0)&#8220; image_max_width=&#8220;80px&#8220; locked=&#8220;off&#8220; global_colors_info=&#8220;{}&#8220; background_color__hover=&#8220;#ffffff&#8220; background_enable_color__hover=&#8220;on&#8220; box_shadow_color__hover_enabled=&#8220;on|hover&#8220; box_shadow_color__hover=&#8220;rgba(18,74,47,0.13)&#8220; background__hover_enabled=&#8220;on|hover&#8220;]<\/p>\n<p>Monitoritzaci\u00f3 integral dels cultius. Des de el moment de la sembra, creixement, salut i producci\u00f3 sota un estricte control biol\u00f2gic i de plagues.<\/p>\n<p>[\/et_pb_blurb][\/et_pb_column][\/et_pb_row][et_pb_row column_structure=&#8220;1_4,1_2,1_4&#8243; use_custom_gutter=&#8220;on&#8220; gutter_width=&#8220;2&#8243; make_equal=&#8220;on&#8220; _builder_version=&#8220;4.27.4&#8243; _module_preset=&#8220;default&#8220; background_color=&#8220;#507F70&#8243; custom_margin=&#8220;80px||||false|false&#8220; custom_padding=&#8220;0px||0px||false|false&#8220; border_radii=&#8220;on|10px|10px|10px|10px&#8220; global_colors_info=&#8220;{}&#8220;][et_pb_column type=&#8220;1_4&#8243; module_class=&#8220;dp-vertical-align&#8220; _builder_version=&#8220;4.16&#8243; _module_preset=&#8220;default&#8220; background_image=&#8220;https:\/\/demo.divi-pixel.com\/gardener\/wp-content\/uploads\/sites\/7\/2020\/11\/gardener-08.jpg&#8220; custom_padding_tablet=&#8220;500px||||false|false&#8220; custom_padding_phone=&#8220;250px||||false|false&#8220; custom_padding_last_edited=&#8220;on|phone&#8220; global_colors_info=&#8220;{}&#8220;][\/et_pb_column][et_pb_column type=&#8220;1_2&#8243; module_class=&#8220;dp-vertical-align&#8220; _builder_version=&#8220;4.16&#8243; _module_preset=&#8220;default&#8220; global_colors_info=&#8220;{}&#8220;][et_pb_cta title=&#8220;Demana el teu pressupost sense comprom\u00eds!&#8220; button_text=&#8220;Click Here&#8220; _builder_version=&#8220;4.27.4&#8243; _module_preset=&#8220;default&#8220; header_font_size=&#8220;25px&#8220; header_line_height=&#8220;1.4em&#8220; body_font=&#8220;||||||||&#8220; body_text_color=&#8220;#FFFFFF&#8220; background_color=&#8220;rgba(0,0,0,0)&#8220; text_orientation=&#8220;left&#8220; custom_margin_tablet=&#8220;||||false|false&#8220; custom_margin_phone=&#8220;&#8220; custom_margin_last_edited=&#8220;on|tablet&#8220; custom_padding_tablet=&#8220;||0px||false|false&#8220; custom_padding_phone=&#8220;&#8220; custom_padding_last_edited=&#8220;on|phone&#8220; header_font_size_tablet=&#8220;&#8220; header_font_size_phone=&#8220;22px&#8220; header_font_size_last_edited=&#8220;on|phone&#8220; global_colors_info=&#8220;{}&#8220;]<\/p>\n<p>Explica&#8217;ns qu\u00e8 necessites i et farem un pressupost adaptat a les teves necessitats. Servei r\u00e0pid, professional i personalitzat. Contacta amb nosaltres avui mateix!<\/p>\n<p>[\/et_pb_cta][\/et_pb_column][et_pb_column type=&#8220;1_4&#8243; module_class=&#8220;dp-vertical-align&#8220; _builder_version=&#8220;4.16&#8243; _module_preset=&#8220;default&#8220; global_colors_info=&#8220;{}&#8220;][et_pb_button button_url=&#8220;#Contactar&#8220; button_text=&#8220;Demanar Pressupost&#8220; button_alignment=&#8220;left&#8220; button_alignment_tablet=&#8220;center&#8220; button_alignment_phone=&#8220;&#8220; button_alignment_last_edited=&#8220;on|phone&#8220; module_class=&#8220;gardener_white_btn&#8220; _builder_version=&#8220;4.27.4&#8243; _module_preset=&#8220;default&#8220; custom_button=&#8220;on&#8220; button_text_color=&#8220;#FFFFFF&#8220; button_bg_color=&#8220;#7A6855&#8243; button_border_color=&#8220;#7A6855&#8243; button_use_icon=&#8220;off&#8220; custom_margin_tablet=&#8220;0px||30px|0px|false|false&#8220; custom_margin_phone=&#8220;|||0px|false|false&#8220; custom_margin_last_edited=&#8220;on|tablet&#8220; button_text_size_tablet=&#8220;&#8220; button_text_size_phone=&#8220;16px&#8220; button_text_size_last_edited=&#8220;on|phone&#8220; custom_css_main_element=&#8220;padding: 12px 20px !important;&#8220; global_colors_info=&#8220;{}&#8220; button_bg_color__hover_enabled=&#8220;on|desktop&#8220; button_bg_color__hover=&#8220;#507F70&#8243; button_bg_enable_color__hover=&#8220;on&#8220; button_text_color__hover_enabled=&#8220;off|desktop&#8220; button_text_color__hover=&#8220;#124a2f&#8220; custom_css_main_element__hover_enabled=&#8220;on|hover&#8220; custom_css_main_element__hover=&#8220;padding: 12px 20px !important;||background-color: white !important;&#8220; button_border_color__hover_enabled=&#8220;on|hover&#8220; button_border_color__hover=&#8220;#7A6855&#8243;][\/et_pb_button][\/et_pb_column][\/et_pb_row][\/et_pb_section][et_pb_section fb_built=&#8220;1&#8243; custom_padding_last_edited=&#8220;on|tablet&#8220; module_id=&#8220;Contactar&#8220; _builder_version=&#8220;4.27.4&#8243; _module_preset=&#8220;default&#8220; use_background_color_gradient=&#8220;on&#8220; background_color_gradient_stops=&#8220;rgba(122,104,85,0.9) 0%|rgba(80,127,112,0.7) 100%&#8220; background_color_gradient_overlays_image=&#8220;on&#8220; background_image=&#8220;https:\/\/ullastrejardinsiserveis.com\/wp-content\/uploads\/2025\/02\/Mallorca-Jardines-Contactar.jpg&#8220; parallax=&#8220;on&#8220; custom_margin=&#8220;0px||0px||false|false&#8220; custom_padding=&#8220;144px||130px||false|false&#8220; custom_padding_tablet=&#8220;117px||120px||false|false&#8220; custom_padding_phone=&#8220;87px||90px||false|false&#8220; global_colors_info=&#8220;{}&#8220;][et_pb_row column_structure=&#8220;2_3,1_3&#8243; make_equal=&#8220;on&#8220; _builder_version=&#8220;4.27.4&#8243; _module_preset=&#8220;default&#8220; width=&#8220;90%&#8220; max_width=&#8220;1170px&#8220; custom_margin=&#8220;0px||0px||false|false&#8220; custom_padding=&#8220;0px||0px||false|false&#8220; global_colors_info=&#8220;{}&#8220;][et_pb_column type=&#8220;2_3&#8243; _builder_version=&#8220;4.20.2&#8243; _module_preset=&#8220;default&#8220; global_colors_info=&#8220;{}&#8220;][et_pb_text _builder_version=&#8220;4.27.4&#8243; _module_preset=&#8220;default&#8220; header_2_text_align=&#8220;left&#8220; header_2_text_color=&#8220;#FFFFFF&#8220; header_2_font_size=&#8220;30px&#8220; text_orientation=&#8220;center&#8220; custom_margin=&#8220;||0px|||&#8220; header_2_text_align_tablet=&#8220;center&#8220; header_2_text_align_phone=&#8220;center&#8220; header_2_text_align_last_edited=&#8220;on|phone&#8220; header_2_font_size_tablet=&#8220;25px&#8220; header_2_font_size_phone=&#8220;20px&#8220; header_2_font_size_last_edited=&#8220;on|phone&#8220; global_colors_info=&#8220;{}&#8220;]<\/p>\n<h2>Xerram?<\/h2>\n<p>[\/et_pb_text][et_pb_text _builder_version=&#8220;4.27.4&#8243; _module_preset=&#8220;default&#8220; header_2_font=&#8220;||||||||&#8220; header_2_text_align=&#8220;left&#8220; header_2_text_color=&#8220;#FFFFFF&#8220; header_2_font_size=&#8220;45px&#8220; header_2_line_height=&#8220;1.2em&#8220; max_width=&#8220;830px&#8220; module_alignment=&#8220;center&#8220; custom_margin=&#8220;0px||0px||false|false&#8220; custom_margin_phone=&#8220;0px||0px||false|false&#8220; custom_margin_last_edited=&#8220;off|desktop&#8220; custom_padding=&#8220;0px||0px||false|false&#8220; header_2_text_align_tablet=&#8220;center&#8220; header_2_text_align_phone=&#8220;center&#8220; header_2_text_align_last_edited=&#8220;on|tablet&#8220; header_2_font_size_tablet=&#8220;45px&#8220; header_2_font_size_phone=&#8220;30px&#8220; header_2_font_size_last_edited=&#8220;on|phone&#8220; global_colors_info=&#8220;{}&#8220;]<\/p>\n<h2>Demana informaci\u00f3 i t&#8217;assessorarem sense comprom\u00eds.<br \/>\n<\/h2>\n<p>[\/et_pb_text][\/et_pb_column][et_pb_column type=&#8220;1_3&#8243; _builder_version=&#8220;4.20.2&#8243; _module_preset=&#8220;default&#8220; global_colors_info=&#8220;{}&#8220;][\/et_pb_column][\/et_pb_row][et_pb_row column_structure=&#8220;2_3,1_3&#8243; make_equal=&#8220;on&#8220; _builder_version=&#8220;4.27.4&#8243; _module_preset=&#8220;default&#8220; width=&#8220;90%&#8220; max_width=&#8220;1170px&#8220; custom_margin=&#8220;0px||0px||false|false&#8220; custom_padding=&#8220;0px||0px||false|false&#8220; global_colors_info=&#8220;{}&#8220;][et_pb_column type=&#8220;2_3&#8243; _builder_version=&#8220;4.20.2&#8243; _module_preset=&#8220;default&#8220; global_colors_info=&#8220;{}&#8220;][et_pb_contact_form email=&#8220;info@ullastrejardinsiserveis.com&#8220; custom_message=&#8220;*** CONTACTO WEB &#8211; ULLASTRE ***||et_pb_line_break_holder||||et_pb_line_break_holder||Nom: %%f-nombre%%||et_pb_line_break_holder||||et_pb_line_break_holder||Email; %%f-email%%||et_pb_line_break_holder||Tel\u00e8fon: %%f-telefono%%||et_pb_line_break_holder||||et_pb_line_break_holder||Missatge: %%f-mensaje%%&#8220; success_message=&#8220;Gr\u00e0cies per contactar amb nosaltres.&#8220; submit_button_text=&#8220;Enviar&#8220; _builder_version=&#8220;4.27.4&#8243; _module_preset=&#8220;default&#8220; _unique_id=&#8220;910956a3-0537-4ece-b722-1a046eb7f704&#8243; form_field_background_color=&#8220;RGBA(255,255,255,0)&#8220; form_field_text_color=&#8220;#FFFFFF&#8220; form_field_focus_background_color=&#8220;RGBA(255,255,255,0)&#8220; form_field_focus_text_color=&#8220;#FFFFFF&#8220; title_text_color=&#8220;#FFFFFF&#8220; captcha_text_color=&#8220;#FFFFFF&#8220; captcha_font_size=&#8220;18px&#8220; captcha_line_height=&#8220;1.6em&#8220; form_field_font_size=&#8220;18px&#8220; form_field_line_height=&#8220;1.4em&#8220; custom_button=&#8220;on&#8220; button_text_color=&#8220;#FFFFFF&#8220; button_bg_color=&#8220;#7A6855&#8243; button_border_color=&#8220;#7A6855&#8243; button_border_radius=&#8220;10px&#8220; button_use_icon=&#8220;off&#8220; custom_margin=&#8220;30px||||false|false&#8220; custom_css_free_form=&#8220;selector .et-pb-contact-message p {||  font-size: 20px;||  line-height: 1.5em;||  color: #ffffff;||}||||selector .et-pb-contact-message:has(ul) p {||  font-size: 16px;||  line-height: 1.5em;||  color: #ffffff;||}||||selector .et-pb-contact-message ul {||  font-size: 16px;||  line-height: 1.5em;||  color: #ffffff;||}&#8220; border_radii=&#8220;on|10px|10px|10px|10px&#8220; border_width_all=&#8220;2px&#8220; border_color_all=&#8220;#FFFFFF&#8220; global_colors_info=&#8220;{}&#8220; button_bg_color__hover_enabled=&#8220;on|hover&#8220; button_bg_color__hover=&#8220;#507F70&#8243; button_bg_enable_color__hover=&#8220;on&#8220; button_border_color__hover_enabled=&#8220;on|desktop&#8220; button_border_color__hover=&#8220;#507F70&#8243;][et_pb_contact_field field_id=&#8220;f-nombre&#8220; field_title=&#8220;Nom&#8220; fullwidth_field=&#8220;on&#8220; _builder_version=&#8220;4.27.4&#8243; global_colors_info=&#8220;{}&#8220; button_text_size__hover_enabled=&#8220;off&#8220; button_one_text_size__hover_enabled=&#8220;off&#8220; button_two_text_size__hover_enabled=&#8220;off&#8220; button_text_color__hover_enabled=&#8220;off&#8220; button_one_text_color__hover_enabled=&#8220;off&#8220; button_two_text_color__hover_enabled=&#8220;off&#8220; button_border_width__hover_enabled=&#8220;off&#8220; button_one_border_width__hover_enabled=&#8220;off&#8220; button_two_border_width__hover_enabled=&#8220;off&#8220; button_border_color__hover_enabled=&#8220;off&#8220; button_one_border_color__hover_enabled=&#8220;off&#8220; button_two_border_color__hover_enabled=&#8220;off&#8220; button_border_radius__hover_enabled=&#8220;off&#8220; button_one_border_radius__hover_enabled=&#8220;off&#8220; button_two_border_radius__hover_enabled=&#8220;off&#8220; button_letter_spacing__hover_enabled=&#8220;off&#8220; button_one_letter_spacing__hover_enabled=&#8220;off&#8220; button_two_letter_spacing__hover_enabled=&#8220;off&#8220; button_bg_color__hover_enabled=&#8220;off&#8220; button_one_bg_color__hover_enabled=&#8220;off&#8220; button_two_bg_color__hover_enabled=&#8220;off&#8220;][\/et_pb_contact_field][et_pb_contact_field field_id=&#8220;f-email&#8220; field_title=&#8220;Correu electr\u00f2nic&#8220; field_type=&#8220;email&#8220; _builder_version=&#8220;4.27.4&#8243; global_colors_info=&#8220;{}&#8220; button_text_size__hover_enabled=&#8220;off&#8220; button_one_text_size__hover_enabled=&#8220;off&#8220; button_two_text_size__hover_enabled=&#8220;off&#8220; button_text_color__hover_enabled=&#8220;off&#8220; button_one_text_color__hover_enabled=&#8220;off&#8220; button_two_text_color__hover_enabled=&#8220;off&#8220; button_border_width__hover_enabled=&#8220;off&#8220; button_one_border_width__hover_enabled=&#8220;off&#8220; button_two_border_width__hover_enabled=&#8220;off&#8220; button_border_color__hover_enabled=&#8220;off&#8220; button_one_border_color__hover_enabled=&#8220;off&#8220; button_two_border_color__hover_enabled=&#8220;off&#8220; button_border_radius__hover_enabled=&#8220;off&#8220; button_one_border_radius__hover_enabled=&#8220;off&#8220; button_two_border_radius__hover_enabled=&#8220;off&#8220; button_letter_spacing__hover_enabled=&#8220;off&#8220; button_one_letter_spacing__hover_enabled=&#8220;off&#8220; button_two_letter_spacing__hover_enabled=&#8220;off&#8220; button_bg_color__hover_enabled=&#8220;off&#8220; button_one_bg_color__hover_enabled=&#8220;off&#8220; button_two_bg_color__hover_enabled=&#8220;off&#8220;][\/et_pb_contact_field][et_pb_contact_field field_id=&#8220;f-telefono&#8220; field_title=&#8220;Tel\u00e8fon&#8220; required_mark=&#8220;off&#8220; _builder_version=&#8220;4.27.4&#8243; global_colors_info=&#8220;{}&#8220; button_text_size__hover_enabled=&#8220;off&#8220; button_one_text_size__hover_enabled=&#8220;off&#8220; button_two_text_size__hover_enabled=&#8220;off&#8220; button_text_color__hover_enabled=&#8220;off&#8220; button_one_text_color__hover_enabled=&#8220;off&#8220; button_two_text_color__hover_enabled=&#8220;off&#8220; button_border_width__hover_enabled=&#8220;off&#8220; button_one_border_width__hover_enabled=&#8220;off&#8220; button_two_border_width__hover_enabled=&#8220;off&#8220; button_border_color__hover_enabled=&#8220;off&#8220; button_one_border_color__hover_enabled=&#8220;off&#8220; button_two_border_color__hover_enabled=&#8220;off&#8220; button_border_radius__hover_enabled=&#8220;off&#8220; button_one_border_radius__hover_enabled=&#8220;off&#8220; button_two_border_radius__hover_enabled=&#8220;off&#8220; button_letter_spacing__hover_enabled=&#8220;off&#8220; button_one_letter_spacing__hover_enabled=&#8220;off&#8220; button_two_letter_spacing__hover_enabled=&#8220;off&#8220; button_bg_color__hover_enabled=&#8220;off&#8220; button_one_bg_color__hover_enabled=&#8220;off&#8220; button_two_bg_color__hover_enabled=&#8220;off&#8220;][\/et_pb_contact_field][et_pb_contact_field field_id=&#8220;f-mensaje&#8220; field_title=&#8220;Missatge&#8220; field_type=&#8220;text&#8220; required_mark=&#8220;off&#8220; fullwidth_field=&#8220;on&#8220; _builder_version=&#8220;4.27.4&#8243; global_colors_info=&#8220;{}&#8220; button_text_size__hover_enabled=&#8220;off&#8220; button_one_text_size__hover_enabled=&#8220;off&#8220; button_two_text_size__hover_enabled=&#8220;off&#8220; button_text_color__hover_enabled=&#8220;off&#8220; button_one_text_color__hover_enabled=&#8220;off&#8220; button_two_text_color__hover_enabled=&#8220;off&#8220; button_border_width__hover_enabled=&#8220;off&#8220; button_one_border_width__hover_enabled=&#8220;off&#8220; button_two_border_width__hover_enabled=&#8220;off&#8220; button_border_color__hover_enabled=&#8220;off&#8220; button_one_border_color__hover_enabled=&#8220;off&#8220; button_two_border_color__hover_enabled=&#8220;off&#8220; button_border_radius__hover_enabled=&#8220;off&#8220; button_one_border_radius__hover_enabled=&#8220;off&#8220; button_two_border_radius__hover_enabled=&#8220;off&#8220; button_letter_spacing__hover_enabled=&#8220;off&#8220; button_one_letter_spacing__hover_enabled=&#8220;off&#8220; button_two_letter_spacing__hover_enabled=&#8220;off&#8220; button_bg_color__hover_enabled=&#8220;off&#8220; button_one_bg_color__hover_enabled=&#8220;off&#8220; button_two_bg_color__hover_enabled=&#8220;off&#8220;][\/et_pb_contact_field][\/et_pb_contact_form][\/et_pb_column][et_pb_column type=&#8220;1_3&#8243; _builder_version=&#8220;4.20.2&#8243; _module_preset=&#8220;default&#8220; global_colors_info=&#8220;{}&#8220;][et_pb_blurb title=&#8220;Tel\u00e8fon \/ Whatsapp&#8220; use_icon=&#8220;on&#8220; font_icon=&#8220;&#xe00b;||divi||400&#8243; icon_color=&#8220;#FFFFFF&#8220; icon_placement=&#8220;left&#8220; image_icon_width=&#8220;35px&#8220; _builder_version=&#8220;4.27.4&#8243; _module_preset=&#8220;default&#8220; header_font=&#8220;||||||||&#8220; header_text_color=&#8220;#FFFFFF&#8220; header_font_size=&#8220;22px&#8220; header_line_height=&#8220;1.2em&#8220; body_text_color=&#8220;#FFFFFF&#8220; body_font_size=&#8220;25px&#8220; image_icon_custom_margin=&#8220;||||false|false&#8220; image_icon_custom_padding=&#8220;11px|11px|11px|11px|true|true&#8220; custom_margin=&#8220;30px||||false|false&#8220; border_radii_image=&#8220;on|10px|10px|10px|10px&#8220; border_width_all_image=&#8220;2px&#8220; border_color_all_image=&#8220;#FFFFFF&#8220; global_colors_info=&#8220;{}&#8220;]647 78 26 97[\/et_pb_blurb][et_pb_blurb title=&#8220;Correu electr\u00f2nic&#8220; use_icon=&#8220;on&#8220; font_icon=&#8220;&#xe010;||divi||400&#8243; icon_color=&#8220;#FFFFFF&#8220; icon_placement=&#8220;left&#8220; image_icon_width=&#8220;35px&#8220; _builder_version=&#8220;4.27.4&#8243; _module_preset=&#8220;default&#8220; header_font=&#8220;||||||||&#8220; header_text_color=&#8220;#FFFFFF&#8220; header_font_size=&#8220;22px&#8220; header_line_height=&#8220;1.2em&#8220; body_text_color=&#8220;#FFFFFF&#8220; image_icon_custom_margin=&#8220;||||false|false&#8220; image_icon_custom_padding=&#8220;11px|11px|11px|11px|true|true&#8220; custom_margin=&#8220;30px||||false|false&#8220; border_radii_image=&#8220;on|10px|10px|10px|10px&#8220; border_width_all_image=&#8220;2px&#8220; border_color_all_image=&#8220;#FFFFFF&#8220; global_colors_info=&#8220;{}&#8220;]<\/p>\n<p>info@ullastrejardinsiserveis.com<\/p>\n<p>[\/et_pb_blurb][\/et_pb_column][\/et_pb_row][\/et_pb_section]<\/p>\n","protected":false},"excerpt":{"rendered":"<p>Cuidam la natura, transformam els teus espaisJardineria i manteniment professional per finques, jardins i piscines a Mallorca.<div class=\"et_pb_module dipi_hover_box dipi_hover_box_0\">\n\t\t\t\t\n\t\t\t\t\n\t\t\t\t\n\t\t\t\t\n\t\t\t\t\n\t\t\t\t\n\t\t\t\t<div class=\"et_pb_module_inner\">\n\t\t\t\t\t<div class=\"dipi-hover-box-container dipi-hover-box-slide-top hover_box_align_front_center hover_box_align_back_center\" data-force_square=\"off\">\n                <div class=\"dipi-hover-box-inner-wrapper\">\n                    <div class=\"dipi-hover-box-content\">\n              \n              <div class=\"dipi-hover-box-content-innner\">\n                    <div class=\"dipi-content-image-icon-wrap dipi-image-wrap\">\n                    <img decoding=\"async\" src=\"&#8220;https:\/\/ullastrejardinsiserveis.com\/wp-content\/uploads\/2020\/11\/icon-08.svg&#8220;\" alt=\"\">\n                <\/div>\n                    <div class=\"dipi-text\">\n                        <h2 class=\"dipi-hover-box-heading\">\n                    &#8220;Manteniment\n                <\/h2>\n                        <div class=\"dipi-desc\">&#8220;Cuidam<\/div>\n                    <\/div>\n              <\/div>\n            <\/div>\n            \n                    <div class=\"dipi-hover-box-hover\">\n                \n                <div class=\"dipi-hover-box-hover-innner\">\n                    \n                    <div class=\"dipi-text\">\n                        <h2 class=\"dipi-hover-box-heading\">\n                    &#8220;Manteniment\n                <\/h2>\n                        <div class=\"dipi-desc\">\n                    &#8220;Ens\n                <\/div>\n                    <\/div>\n                    \n                <\/div>\n            <\/div>\n                <\/div>\n            <\/div>\n\t\t\t\t<\/div>\n\t\t\t<\/div><\/p>\n","protected":false},"author":1,"featured_media":632,"parent":0,"menu_order":0,"comment_status":"closed","ping_status":"closed","template":"","meta":{"_et_pb_use_builder":"on","_et_pb_old_content":"","_et_gb_content_width":"","footnotes":""},"dipi_cpt_category":[],"class_list":["post-631","page","type-page","status-publish","has-post-thumbnail","hentry"],"yoast_head":"<!-- This site is optimized with the Yoast SEO plugin v27.1.1 - https:\/\/yoast.com\/product\/yoast-seo-wordpress\/ -->\n<title>Heim - ULLASTRE - Jardins i serveis<\/title>\n<meta name=\"robots\" content=\"index, follow, max-snippet:-1, max-image-preview:large, max-video-preview:-1\" \/>\n<link rel=\"canonical\" href=\"https:\/\/ullastrejardinsiserveis.com\/de\/\" \/>\n<meta property=\"og:locale\" content=\"de_DE\" \/>\n<meta property=\"og:type\" content=\"article\" \/>\n<meta property=\"og:title\" content=\"Heim - ULLASTRE - Jardins i serveis\" \/>\n<meta property=\"og:description\" content=\"Cuidam la natura, transformam els teus espaisJardineria i manteniment professional per finques, jardins i piscines a Mallorca.\" \/>\n<meta property=\"og:url\" content=\"https:\/\/ullastrejardinsiserveis.com\/de\/\" \/>\n<meta property=\"og:site_name\" content=\"ULLASTRE - Jardins i serveis\" \/>\n<meta property=\"article:modified_time\" content=\"2025-03-05T10:10:17+00:00\" \/>\n<meta property=\"og:image\" content=\"https:\/\/ullastrejardinsiserveis.com\/wp-content\/uploads\/2025\/02\/Favicon.jpg\" \/>\n\t<meta property=\"og:image:width\" content=\"512\" \/>\n\t<meta property=\"og:image:height\" content=\"512\" \/>\n\t<meta property=\"og:image:type\" content=\"image\/jpeg\" \/>\n<meta name=\"twitter:card\" content=\"summary_large_image\" \/>\n<meta name=\"twitter:label1\" content=\"Gesch\u00e4tzte Lesezeit\" \/>\n\t<meta name=\"twitter:data1\" content=\"25\u00a0Minuten\" \/>\n<script type=\"application\/ld+json\" class=\"yoast-schema-graph\">{\"@context\":\"https:\/\/schema.org\",\"@graph\":[{\"@type\":\"WebPage\",\"@id\":\"https:\/\/ullastrejardinsiserveis.com\/de\/\",\"url\":\"https:\/\/ullastrejardinsiserveis.com\/de\/\",\"name\":\"Heim - ULLASTRE - Jardins i serveis\",\"isPartOf\":{\"@id\":\"https:\/\/ullastrejardinsiserveis.com\/de\/#website\"},\"primaryImageOfPage\":{\"@id\":\"https:\/\/ullastrejardinsiserveis.com\/de\/#primaryimage\"},\"image\":{\"@id\":\"https:\/\/ullastrejardinsiserveis.com\/de\/#primaryimage\"},\"thumbnailUrl\":\"https:\/\/ullastrejardinsiserveis.com\/wp-content\/uploads\/2025\/02\/Favicon.jpg\",\"datePublished\":\"2020-11-04T14:43:19+00:00\",\"dateModified\":\"2025-03-05T10:10:17+00:00\",\"breadcrumb\":{\"@id\":\"https:\/\/ullastrejardinsiserveis.com\/de\/#breadcrumb\"},\"inLanguage\":\"de\",\"potentialAction\":[{\"@type\":\"ReadAction\",\"target\":[\"https:\/\/ullastrejardinsiserveis.com\/de\/\"]}]},{\"@type\":\"ImageObject\",\"inLanguage\":\"de\",\"@id\":\"https:\/\/ullastrejardinsiserveis.com\/de\/#primaryimage\",\"url\":\"https:\/\/ullastrejardinsiserveis.com\/wp-content\/uploads\/2025\/02\/Favicon.jpg\",\"contentUrl\":\"https:\/\/ullastrejardinsiserveis.com\/wp-content\/uploads\/2025\/02\/Favicon.jpg\",\"width\":512,\"height\":512},{\"@type\":\"BreadcrumbList\",\"@id\":\"https:\/\/ullastrejardinsiserveis.com\/de\/#breadcrumb\",\"itemListElement\":[{\"@type\":\"ListItem\",\"position\":1,\"name\":\"Portada\",\"item\":\"https:\/\/ullastrejardinsiserveis.com\/de\/heim\/\"},{\"@type\":\"ListItem\",\"position\":2,\"name\":\"Heim\"}]},{\"@type\":\"WebSite\",\"@id\":\"https:\/\/ullastrejardinsiserveis.com\/de\/#website\",\"url\":\"https:\/\/ullastrejardinsiserveis.com\/de\/\",\"name\":\"Ullastre Jardineria i Serveis\",\"description\":\"Serveis de jardineria a Mallorca\",\"publisher\":{\"@id\":\"https:\/\/ullastrejardinsiserveis.com\/de\/#organization\"},\"potentialAction\":[{\"@type\":\"SearchAction\",\"target\":{\"@type\":\"EntryPoint\",\"urlTemplate\":\"https:\/\/ullastrejardinsiserveis.com\/de\/?s={search_term_string}\"},\"query-input\":{\"@type\":\"PropertyValueSpecification\",\"valueRequired\":true,\"valueName\":\"search_term_string\"}}],\"inLanguage\":\"de\"},{\"@type\":\"Organization\",\"@id\":\"https:\/\/ullastrejardinsiserveis.com\/de\/#organization\",\"name\":\"Ullastre Jardineria i Serveis\",\"url\":\"https:\/\/ullastrejardinsiserveis.com\/de\/\",\"logo\":{\"@type\":\"ImageObject\",\"inLanguage\":\"de\",\"@id\":\"https:\/\/ullastrejardinsiserveis.com\/de\/#\/schema\/logo\/image\/\",\"url\":\"https:\/\/ullastrejardinsiserveis.com\/wp-content\/uploads\/2025\/02\/Logo-Web-Ullastre-H.png\",\"contentUrl\":\"https:\/\/ullastrejardinsiserveis.com\/wp-content\/uploads\/2025\/02\/Logo-Web-Ullastre-H.png\",\"width\":500,\"height\":215,\"caption\":\"Ullastre Jardineria i Serveis\"},\"image\":{\"@id\":\"https:\/\/ullastrejardinsiserveis.com\/de\/#\/schema\/logo\/image\/\"}}]}<\/script>\n<!-- \/ Yoast SEO plugin. -->","yoast_head_json":{"title":"Heim - ULLASTRE - Jardins i serveis","robots":{"index":"index","follow":"follow","max-snippet":"max-snippet:-1","max-image-preview":"max-image-preview:large","max-video-preview":"max-video-preview:-1"},"canonical":"https:\/\/ullastrejardinsiserveis.com\/de\/","og_locale":"de_DE","og_type":"article","og_title":"Heim - ULLASTRE - Jardins i serveis","og_description":"Cuidam la natura, transformam els teus espaisJardineria i manteniment professional per finques, jardins i piscines a Mallorca.","og_url":"https:\/\/ullastrejardinsiserveis.com\/de\/","og_site_name":"ULLASTRE - Jardins i serveis","article_modified_time":"2025-03-05T10:10:17+00:00","og_image":[{"width":512,"height":512,"url":"https:\/\/ullastrejardinsiserveis.com\/wp-content\/uploads\/2025\/02\/Favicon.jpg","type":"image\/jpeg"}],"twitter_card":"summary_large_image","twitter_misc":{"Gesch\u00e4tzte Lesezeit":"25\u00a0Minuten"},"schema":{"@context":"https:\/\/schema.org","@graph":[{"@type":"WebPage","@id":"https:\/\/ullastrejardinsiserveis.com\/de\/","url":"https:\/\/ullastrejardinsiserveis.com\/de\/","name":"Heim - ULLASTRE - Jardins i serveis","isPartOf":{"@id":"https:\/\/ullastrejardinsiserveis.com\/de\/#website"},"primaryImageOfPage":{"@id":"https:\/\/ullastrejardinsiserveis.com\/de\/#primaryimage"},"image":{"@id":"https:\/\/ullastrejardinsiserveis.com\/de\/#primaryimage"},"thumbnailUrl":"https:\/\/ullastrejardinsiserveis.com\/wp-content\/uploads\/2025\/02\/Favicon.jpg","datePublished":"2020-11-04T14:43:19+00:00","dateModified":"2025-03-05T10:10:17+00:00","breadcrumb":{"@id":"https:\/\/ullastrejardinsiserveis.com\/de\/#breadcrumb"},"inLanguage":"de","potentialAction":[{"@type":"ReadAction","target":["https:\/\/ullastrejardinsiserveis.com\/de\/"]}]},{"@type":"ImageObject","inLanguage":"de","@id":"https:\/\/ullastrejardinsiserveis.com\/de\/#primaryimage","url":"https:\/\/ullastrejardinsiserveis.com\/wp-content\/uploads\/2025\/02\/Favicon.jpg","contentUrl":"https:\/\/ullastrejardinsiserveis.com\/wp-content\/uploads\/2025\/02\/Favicon.jpg","width":512,"height":512},{"@type":"BreadcrumbList","@id":"https:\/\/ullastrejardinsiserveis.com\/de\/#breadcrumb","itemListElement":[{"@type":"ListItem","position":1,"name":"Portada","item":"https:\/\/ullastrejardinsiserveis.com\/de\/heim\/"},{"@type":"ListItem","position":2,"name":"Heim"}]},{"@type":"WebSite","@id":"https:\/\/ullastrejardinsiserveis.com\/de\/#website","url":"https:\/\/ullastrejardinsiserveis.com\/de\/","name":"Ullastre Jardineria i Serveis","description":"Serveis de jardineria a Mallorca","publisher":{"@id":"https:\/\/ullastrejardinsiserveis.com\/de\/#organization"},"potentialAction":[{"@type":"SearchAction","target":{"@type":"EntryPoint","urlTemplate":"https:\/\/ullastrejardinsiserveis.com\/de\/?s={search_term_string}"},"query-input":{"@type":"PropertyValueSpecification","valueRequired":true,"valueName":"search_term_string"}}],"inLanguage":"de"},{"@type":"Organization","@id":"https:\/\/ullastrejardinsiserveis.com\/de\/#organization","name":"Ullastre Jardineria i Serveis","url":"https:\/\/ullastrejardinsiserveis.com\/de\/","logo":{"@type":"ImageObject","inLanguage":"de","@id":"https:\/\/ullastrejardinsiserveis.com\/de\/#\/schema\/logo\/image\/","url":"https:\/\/ullastrejardinsiserveis.com\/wp-content\/uploads\/2025\/02\/Logo-Web-Ullastre-H.png","contentUrl":"https:\/\/ullastrejardinsiserveis.com\/wp-content\/uploads\/2025\/02\/Logo-Web-Ullastre-H.png","width":500,"height":215,"caption":"Ullastre Jardineria i Serveis"},"image":{"@id":"https:\/\/ullastrejardinsiserveis.com\/de\/#\/schema\/logo\/image\/"}}]}},"_links":{"self":[{"href":"https:\/\/ullastrejardinsiserveis.com\/de\/wp-json\/wp\/v2\/pages\/631","targetHints":{"allow":["GET"]}}],"collection":[{"href":"https:\/\/ullastrejardinsiserveis.com\/de\/wp-json\/wp\/v2\/pages"}],"about":[{"href":"https:\/\/ullastrejardinsiserveis.com\/de\/wp-json\/wp\/v2\/types\/page"}],"author":[{"embeddable":true,"href":"https:\/\/ullastrejardinsiserveis.com\/de\/wp-json\/wp\/v2\/users\/1"}],"replies":[{"embeddable":true,"href":"https:\/\/ullastrejardinsiserveis.com\/de\/wp-json\/wp\/v2\/comments?post=631"}],"version-history":[{"count":6,"href":"https:\/\/ullastrejardinsiserveis.com\/de\/wp-json\/wp\/v2\/pages\/631\/revisions"}],"predecessor-version":[{"id":644,"href":"https:\/\/ullastrejardinsiserveis.com\/de\/wp-json\/wp\/v2\/pages\/631\/revisions\/644"}],"wp:featuredmedia":[{"embeddable":true,"href":"https:\/\/ullastrejardinsiserveis.com\/de\/wp-json\/wp\/v2\/media\/632"}],"wp:attachment":[{"href":"https:\/\/ullastrejardinsiserveis.com\/de\/wp-json\/wp\/v2\/media?parent=631"}],"wp:term":[{"taxonomy":"dipi_cpt_category","embeddable":true,"href":"https:\/\/ullastrejardinsiserveis.com\/de\/wp-json\/wp\/v2\/dipi_cpt_category?post=631"}],"curies":[{"name":"wp","href":"https:\/\/api.w.org\/{rel}","templated":true}]}}